{"id":856,"date":"2022-06-07T22:19:18","date_gmt":"2022-06-07T22:19:18","guid":{"rendered":"https:\/\/karlacasillas.mx\/?page_id=856"},"modified":"2022-06-08T02:11:28","modified_gmt":"2022-06-08T02:11:28","slug":"archivo","status":"publish","type":"page","link":"https:\/\/karlacasillas.mx\/index.php\/archivo\/","title":{"rendered":"Archivo"},"content":{"rendered":"\n<div class=\"wp-block-group\"><div class=\"wp-block-group__inner-container is-layout-flow wp-block-group-is-layout-flow\"><form role=\"search\" method=\"get\" action=\"https:\/\/karlacasillas.mx\/\" class=\"wp-block-search__button-outside wp-block-search__text-button wp-block-search\"    ><label class=\"wp-block-search__label\" for=\"wp-block-search__input-1\" >Search<\/label><div class=\"wp-block-search__inside-wrapper\" ><input class=\"wp-block-search__input\" id=\"wp-block-search__input-1\" placeholder=\"\" value=\"\" type=\"search\" name=\"s\" required \/><button aria-label=\"Search\" class=\"wp-block-search__button wp-element-button\" type=\"submit\" >Search<\/button><\/div><\/form><\/div><\/div>\n\n\n\n<hr class=\"wp-block-separator has-alpha-channel-opacity\"\/>\n\n\n\n<div class=\"wp-block-group\"><div class=\"wp-block-group__inner-container is-layout-flow wp-block-group-is-layout-flow\">\n<div class=\"wp-block-columns is-layout-flex wp-container-core-columns-is-layout-9d6595d7 wp-block-columns-is-layout-flex\">\n<div class=\"wp-block-column is-layout-flow wp-block-column-is-layout-flow\">\n<h3 class=\"wp-block-heading\">Cronol\u00f3gico<\/h3>\n\n\n<ul class=\"wp-block-archives-list wp-block-archives\">\t<li><a href='https:\/\/karlacasillas.mx\/index.php\/2025\/06\/'>June 2025<\/a><\/li>\n\t<li><a href='https:\/\/karlacasillas.mx\/index.php\/2025\/05\/'>May 2025<\/a><\/li>\n\t<li><a href='https:\/\/karlacasillas.mx\/index.php\/2024\/09\/'>September 2024<\/a><\/li>\n\t<li><a href='https:\/\/karlacasillas.mx\/index.php\/2024\/06\/'>June 2024<\/a><\/li>\n\t<li><a href='https:\/\/karlacasillas.mx\/index.php\/2024\/03\/'>March 2024<\/a><\/li>\n\t<li><a href='https:\/\/karlacasillas.mx\/index.php\/2023\/11\/'>November 2023<\/a><\/li>\n\t<li><a href='https:\/\/karlacasillas.mx\/index.php\/2023\/10\/'>October 2023<\/a><\/li>\n\t<li><a href='https:\/\/karlacasillas.mx\/index.php\/2023\/09\/'>September 2023<\/a><\/li>\n\t<li><a href='https:\/\/karlacasillas.mx\/index.php\/2023\/07\/'>July 2023<\/a><\/li>\n\t<li><a href='https:\/\/karlacasillas.mx\/index.php\/2021\/12\/'>December 2021<\/a><\/li>\n\t<li><a href='https:\/\/karlacasillas.mx\/index.php\/2021\/10\/'>October 2021<\/a><\/li>\n\t<li><a href='https:\/\/karlacasillas.mx\/index.php\/2021\/05\/'>May 2021<\/a><\/li>\n\t<li><a href='https:\/\/karlacasillas.mx\/index.php\/2021\/04\/'>April 2021<\/a><\/li>\n\t<li><a href='https:\/\/karlacasillas.mx\/index.php\/2021\/02\/'>February 2021<\/a><\/li>\n\t<li><a href='https:\/\/karlacasillas.mx\/index.php\/2020\/12\/'>December 2020<\/a><\/li>\n\t<li><a href='https:\/\/karlacasillas.mx\/index.php\/2020\/10\/'>October 2020<\/a><\/li>\n\t<li><a href='https:\/\/karlacasillas.mx\/index.php\/2020\/09\/'>September 2020<\/a><\/li>\n\t<li><a href='https:\/\/karlacasillas.mx\/index.php\/2020\/06\/'>June 2020<\/a><\/li>\n\t<li><a href='https:\/\/karlacasillas.mx\/index.php\/2020\/05\/'>May 2020<\/a><\/li>\n\t<li><a href='https:\/\/karlacasillas.mx\/index.php\/2020\/03\/'>March 2020<\/a><\/li>\n\t<li><a href='https:\/\/karlacasillas.mx\/index.php\/2019\/02\/'>February 2019<\/a><\/li>\n\t<li><a href='https:\/\/karlacasillas.mx\/index.php\/2018\/04\/'>April 2018<\/a><\/li>\n\t<li><a href='https:\/\/karlacasillas.mx\/index.php\/2018\/03\/'>March 2018<\/a><\/li>\n\t<li><a href='https:\/\/karlacasillas.mx\/index.php\/2018\/02\/'>February 2018<\/a><\/li>\n\t<li><a href='https:\/\/karlacasillas.mx\/index.php\/2018\/01\/'>January 2018<\/a><\/li>\n\t<li><a href='https:\/\/karlacasillas.mx\/index.php\/2017\/11\/'>November 2017<\/a><\/li>\n\t<li><a href='https:\/\/karlacasillas.mx\/index.php\/2017\/09\/'>September 2017<\/a><\/li>\n\t<li><a href='https:\/\/karlacasillas.mx\/index.php\/2017\/07\/'>July 2017<\/a><\/li>\n\t<li><a href='https:\/\/karlacasillas.mx\/index.php\/2016\/05\/'>May 2016<\/a><\/li>\n\t<li><a href='https:\/\/karlacasillas.mx\/index.php\/2015\/09\/'>September 2015<\/a><\/li>\n\t<li><a href='https:\/\/karlacasillas.mx\/index.php\/2015\/07\/'>July 2015<\/a><\/li>\n\t<li><a href='https:\/\/karlacasillas.mx\/index.php\/2015\/03\/'>March 2015<\/a><\/li>\n\t<li><a href='https:\/\/karlacasillas.mx\/index.php\/2014\/11\/'>November 2014<\/a><\/li>\n\t<li><a href='https:\/\/karlacasillas.mx\/index.php\/2014\/07\/'>July 2014<\/a><\/li>\n\t<li><a href='https:\/\/karlacasillas.mx\/index.php\/2014\/06\/'>June 2014<\/a><\/li>\n\t<li><a href='https:\/\/karlacasillas.mx\/index.php\/2014\/05\/'>May 2014<\/a><\/li>\n\t<li><a href='https:\/\/karlacasillas.mx\/index.php\/2014\/04\/'>April 2014<\/a><\/li>\n\t<li><a href='https:\/\/karlacasillas.mx\/index.php\/2014\/03\/'>March 2014<\/a><\/li>\n\t<li><a href='https:\/\/karlacasillas.mx\/index.php\/2014\/02\/'>February 2014<\/a><\/li>\n\t<li><a href='https:\/\/karlacasillas.mx\/index.php\/2014\/01\/'>January 2014<\/a><\/li>\n\t<li><a href='https:\/\/karlacasillas.mx\/index.php\/2013\/12\/'>December 2013<\/a><\/li>\n\t<li><a href='https:\/\/karlacasillas.mx\/index.php\/2013\/11\/'>November 2013<\/a><\/li>\n\t<li><a href='https:\/\/karlacasillas.mx\/index.php\/1995\/03\/'>March 1995<\/a><\/li>\n<\/ul><\/div>\n\n\n\n<div class=\"wp-block-column is-layout-flow wp-block-column-is-layout-flow\">\n<h3 class=\"wp-block-heading\">Investigaci\u00f3n<\/h3>\n\n\n<ul class=\"wp-block-latest-posts__list has-dates wp-block-latest-posts\"><li><div class=\"wp-block-latest-posts__featured-image\"><a href=\"https:\/\/karlacasillas.mx\/index.php\/2025\/06\/01\/los-corridos-de-vivir-quintana-cimbran-los-penales-de-mujeres-ellas-mataron-para-no-morir\/\" aria-label=\"Los corridos de Vivir Quintana cimbran los penales de mujeres: ellas mataron para no morir\"><img loading=\"lazy\" decoding=\"async\" width=\"150\" height=\"150\" src=\"https:\/\/i0.wp.com\/karlacasillas.mx\/wp-content\/uploads\/2025\/06\/Captura-de-pantalla-2025-06-12-a-las-13.34.09.png?resize=150%2C150&amp;ssl=1\" class=\"attachment-thumbnail size-thumbnail wp-post-image\" alt=\"\" style=\"\" srcset=\"https:\/\/i0.wp.com\/karlacasillas.mx\/wp-content\/uploads\/2025\/06\/Captura-de-pantalla-2025-06-12-a-las-13.34.09.png?resize=150%2C150&amp;ssl=1 150w, https:\/\/i0.wp.com\/karlacasillas.mx\/wp-content\/uploads\/2025\/06\/Captura-de-pantalla-2025-06-12-a-las-13.34.09.png?zoom=2&amp;resize=150%2C150 300w, https:\/\/i0.wp.com\/karlacasillas.mx\/wp-content\/uploads\/2025\/06\/Captura-de-pantalla-2025-06-12-a-las-13.34.09.png?zoom=3&amp;resize=150%2C150 450w\" sizes=\"auto, (max-width: 150px) 100vw, 150px\" \/><\/a><\/div><a class=\"wp-block-latest-posts__post-title\" href=\"https:\/\/karlacasillas.mx\/index.php\/2025\/06\/01\/los-corridos-de-vivir-quintana-cimbran-los-penales-de-mujeres-ellas-mataron-para-no-morir\/\">Los corridos de Vivir Quintana cimbran los penales de mujeres: ellas mataron para no morir<\/a><time datetime=\"2025-06-01T19:41:00+00:00\" class=\"wp-block-latest-posts__post-date\">June 1, 2025<\/time><\/li>\n<li><div class=\"wp-block-latest-posts__featured-image\"><a href=\"https:\/\/karlacasillas.mx\/index.php\/2025\/05\/04\/ellasmandannudes-la-rebelion-de-los-cuerpos-reales-de-vietnika-batres\/\" aria-label=\"#EllasmandanNUDES: la rebeli\u00f3n de los cuerpos reales de Vi\u00e9tnika Batres\"><img loading=\"lazy\" decoding=\"async\" width=\"150\" height=\"150\" src=\"https:\/\/i0.wp.com\/karlacasillas.mx\/wp-content\/uploads\/2025\/06\/Captura-de-pantalla-2025-06-12-a-las-13.13.56.png?resize=150%2C150&amp;ssl=1\" class=\"attachment-thumbnail size-thumbnail wp-post-image\" alt=\"\" style=\"\" srcset=\"https:\/\/i0.wp.com\/karlacasillas.mx\/wp-content\/uploads\/2025\/06\/Captura-de-pantalla-2025-06-12-a-las-13.13.56.png?resize=150%2C150&amp;ssl=1 150w, https:\/\/i0.wp.com\/karlacasillas.mx\/wp-content\/uploads\/2025\/06\/Captura-de-pantalla-2025-06-12-a-las-13.13.56.png?zoom=2&amp;resize=150%2C150 300w, https:\/\/i0.wp.com\/karlacasillas.mx\/wp-content\/uploads\/2025\/06\/Captura-de-pantalla-2025-06-12-a-las-13.13.56.png?zoom=3&amp;resize=150%2C150 450w\" sizes=\"auto, (max-width: 150px) 100vw, 150px\" \/><\/a><\/div><a class=\"wp-block-latest-posts__post-title\" href=\"https:\/\/karlacasillas.mx\/index.php\/2025\/05\/04\/ellasmandannudes-la-rebelion-de-los-cuerpos-reales-de-vietnika-batres\/\">#EllasmandanNUDES: la rebeli\u00f3n de los cuerpos reales de Vi\u00e9tnika Batres<\/a><time datetime=\"2025-05-04T19:22:00+00:00\" class=\"wp-block-latest-posts__post-date\">May 4, 2025<\/time><\/li>\n<li><div class=\"wp-block-latest-posts__featured-image\"><a href=\"https:\/\/karlacasillas.mx\/index.php\/2024\/09\/29\/las-legislaciones-no-son-suficientes-bandana-pattanaik-contra-la-trata-de-mujeres\/\" aria-label=\"Las legislaciones no son suficientes. Bandana Pattanaik contra la trata de mujeres\"><img loading=\"lazy\" decoding=\"async\" width=\"150\" height=\"150\" src=\"https:\/\/i0.wp.com\/karlacasillas.mx\/wp-content\/uploads\/2025\/06\/Captura-de-pantalla-2025-06-12-a-las-12.55.27.png?resize=150%2C150&amp;ssl=1\" class=\"attachment-thumbnail size-thumbnail wp-post-image\" alt=\"\" style=\"\" srcset=\"https:\/\/i0.wp.com\/karlacasillas.mx\/wp-content\/uploads\/2025\/06\/Captura-de-pantalla-2025-06-12-a-las-12.55.27.png?resize=150%2C150&amp;ssl=1 150w, https:\/\/i0.wp.com\/karlacasillas.mx\/wp-content\/uploads\/2025\/06\/Captura-de-pantalla-2025-06-12-a-las-12.55.27.png?zoom=2&amp;resize=150%2C150 300w, https:\/\/i0.wp.com\/karlacasillas.mx\/wp-content\/uploads\/2025\/06\/Captura-de-pantalla-2025-06-12-a-las-12.55.27.png?zoom=3&amp;resize=150%2C150 450w\" sizes=\"auto, (max-width: 150px) 100vw, 150px\" \/><\/a><\/div><a class=\"wp-block-latest-posts__post-title\" href=\"https:\/\/karlacasillas.mx\/index.php\/2024\/09\/29\/las-legislaciones-no-son-suficientes-bandana-pattanaik-contra-la-trata-de-mujeres\/\">Las legislaciones no son suficientes. Bandana Pattanaik contra la trata de mujeres<\/a><time datetime=\"2024-09-29T19:09:00+00:00\" class=\"wp-block-latest-posts__post-date\">September 29, 2024<\/time><\/li>\n<li><div class=\"wp-block-latest-posts__featured-image\"><a href=\"https:\/\/karlacasillas.mx\/index.php\/2024\/09\/08\/justicia-para-katya-el-otro-feminicidio-vinculado-a-zona-divas\/\" aria-label=\"Justicia para Katya: el \u2018otro\u2019 feminicidio vinculado a Zona Divas\"><img loading=\"lazy\" decoding=\"async\" width=\"150\" height=\"150\" src=\"https:\/\/i0.wp.com\/karlacasillas.mx\/wp-content\/uploads\/2025\/06\/Captura-de-pantalla-2025-06-12-a-las-12.36.24.png?resize=150%2C150&amp;ssl=1\" class=\"attachment-thumbnail size-thumbnail wp-post-image\" alt=\"\" style=\"\" srcset=\"https:\/\/i0.wp.com\/karlacasillas.mx\/wp-content\/uploads\/2025\/06\/Captura-de-pantalla-2025-06-12-a-las-12.36.24.png?resize=150%2C150&amp;ssl=1 150w, https:\/\/i0.wp.com\/karlacasillas.mx\/wp-content\/uploads\/2025\/06\/Captura-de-pantalla-2025-06-12-a-las-12.36.24.png?zoom=2&amp;resize=150%2C150 300w, https:\/\/i0.wp.com\/karlacasillas.mx\/wp-content\/uploads\/2025\/06\/Captura-de-pantalla-2025-06-12-a-las-12.36.24.png?zoom=3&amp;resize=150%2C150 450w\" sizes=\"auto, (max-width: 150px) 100vw, 150px\" \/><\/a><\/div><a class=\"wp-block-latest-posts__post-title\" href=\"https:\/\/karlacasillas.mx\/index.php\/2024\/09\/08\/justicia-para-katya-el-otro-feminicidio-vinculado-a-zona-divas\/\">Justicia para Katya: el \u2018otro\u2019 feminicidio vinculado a Zona Divas<\/a><time datetime=\"2024-09-08T18:46:00+00:00\" class=\"wp-block-latest-posts__post-date\">September 8, 2024<\/time><\/li>\n<li><div class=\"wp-block-latest-posts__featured-image\"><a href=\"https:\/\/karlacasillas.mx\/index.php\/2023\/10\/06\/la-impunidad-de-la-luz-del-mundo-en-mexico\/\" aria-label=\"La impunidad de la Luz del Mundo en M\u00e9xico\"><img loading=\"lazy\" decoding=\"async\" width=\"150\" height=\"150\" src=\"https:\/\/i0.wp.com\/karlacasillas.mx\/wp-content\/uploads\/2023\/10\/Captura-de-pantalla-2025-06-12-a-las-11.59.49.png?resize=150%2C150&amp;ssl=1\" class=\"attachment-thumbnail size-thumbnail wp-post-image\" alt=\"\" style=\"\" srcset=\"https:\/\/i0.wp.com\/karlacasillas.mx\/wp-content\/uploads\/2023\/10\/Captura-de-pantalla-2025-06-12-a-las-11.59.49.png?resize=150%2C150&amp;ssl=1 150w, https:\/\/i0.wp.com\/karlacasillas.mx\/wp-content\/uploads\/2023\/10\/Captura-de-pantalla-2025-06-12-a-las-11.59.49.png?zoom=2&amp;resize=150%2C150 300w, https:\/\/i0.wp.com\/karlacasillas.mx\/wp-content\/uploads\/2023\/10\/Captura-de-pantalla-2025-06-12-a-las-11.59.49.png?zoom=3&amp;resize=150%2C150 450w\" sizes=\"auto, (max-width: 150px) 100vw, 150px\" \/><\/a><\/div><a class=\"wp-block-latest-posts__post-title\" href=\"https:\/\/karlacasillas.mx\/index.php\/2023\/10\/06\/la-impunidad-de-la-luz-del-mundo-en-mexico\/\">La impunidad de la Luz del Mundo en M\u00e9xico<\/a><time datetime=\"2023-10-06T17:45:00+00:00\" class=\"wp-block-latest-posts__post-date\">October 6, 2023<\/time><\/li>\n<li><div class=\"wp-block-latest-posts__featured-image\"><a href=\"https:\/\/karlacasillas.mx\/index.php\/2023\/07\/27\/la-mataviejitas-que-nunca-lo-fue-la-historia-de-araceli-vazquez-19-anos-en-la-carcel-esperando-a-que-la-justicia-revise-su-caso\/\" aria-label=\"La Mataviejitas que nunca lo fue: la historia de Araceli V\u00e1zquez, 19 a\u00f1os en la c\u00e1rcel esperando a que la Justicia revise su caso\"><img loading=\"lazy\" decoding=\"async\" width=\"150\" height=\"150\" src=\"https:\/\/i0.wp.com\/karlacasillas.mx\/wp-content\/uploads\/2025\/06\/Captura-de-pantalla-2025-06-12-a-las-12.16.17.png?resize=150%2C150&amp;ssl=1\" class=\"attachment-thumbnail size-thumbnail wp-post-image\" alt=\"\" style=\"\" srcset=\"https:\/\/i0.wp.com\/karlacasillas.mx\/wp-content\/uploads\/2025\/06\/Captura-de-pantalla-2025-06-12-a-las-12.16.17.png?resize=150%2C150&amp;ssl=1 150w, https:\/\/i0.wp.com\/karlacasillas.mx\/wp-content\/uploads\/2025\/06\/Captura-de-pantalla-2025-06-12-a-las-12.16.17.png?zoom=2&amp;resize=150%2C150 300w, https:\/\/i0.wp.com\/karlacasillas.mx\/wp-content\/uploads\/2025\/06\/Captura-de-pantalla-2025-06-12-a-las-12.16.17.png?zoom=3&amp;resize=150%2C150 450w\" sizes=\"auto, (max-width: 150px) 100vw, 150px\" \/><\/a><\/div><a class=\"wp-block-latest-posts__post-title\" href=\"https:\/\/karlacasillas.mx\/index.php\/2023\/07\/27\/la-mataviejitas-que-nunca-lo-fue-la-historia-de-araceli-vazquez-19-anos-en-la-carcel-esperando-a-que-la-justicia-revise-su-caso\/\">La Mataviejitas que nunca lo fue: la historia de Araceli V\u00e1zquez, 19 a\u00f1os en la c\u00e1rcel esperando a que la Justicia revise su caso<\/a><time datetime=\"2023-07-27T18:17:00+00:00\" class=\"wp-block-latest-posts__post-date\">July 27, 2023<\/time><\/li>\n<li><div class=\"wp-block-latest-posts__featured-image\"><a href=\"https:\/\/karlacasillas.mx\/index.php\/2021\/05\/20\/caso-homun-la-suprema-corte-puede-sentar-un-gran-precedente-ambiental-en-mexico\/\" aria-label=\"Caso Hom\u00fan: la Suprema Corte puede sentar un gran precedente ambiental en M\u00e9xico\"><img loading=\"lazy\" decoding=\"async\" width=\"150\" height=\"150\" src=\"https:\/\/i0.wp.com\/karlacasillas.mx\/wp-content\/uploads\/2022\/03\/Captura-de-pantalla-2022-03-03-a-las-14.39.59.png?resize=150%2C150&amp;ssl=1\" class=\"attachment-thumbnail size-thumbnail wp-post-image\" alt=\"\" style=\"\" srcset=\"https:\/\/i0.wp.com\/karlacasillas.mx\/wp-content\/uploads\/2022\/03\/Captura-de-pantalla-2022-03-03-a-las-14.39.59.png?resize=150%2C150&amp;ssl=1 150w, https:\/\/i0.wp.com\/karlacasillas.mx\/wp-content\/uploads\/2022\/03\/Captura-de-pantalla-2022-03-03-a-las-14.39.59.png?zoom=2&amp;resize=150%2C150 300w, https:\/\/i0.wp.com\/karlacasillas.mx\/wp-content\/uploads\/2022\/03\/Captura-de-pantalla-2022-03-03-a-las-14.39.59.png?zoom=3&amp;resize=150%2C150 450w\" sizes=\"auto, (max-width: 150px) 100vw, 150px\" \/><\/a><\/div><a class=\"wp-block-latest-posts__post-title\" href=\"https:\/\/karlacasillas.mx\/index.php\/2021\/05\/20\/caso-homun-la-suprema-corte-puede-sentar-un-gran-precedente-ambiental-en-mexico\/\">Caso Hom\u00fan: la Suprema Corte puede sentar un gran precedente ambiental en M\u00e9xico<\/a><time datetime=\"2021-05-20T22:44:00+00:00\" class=\"wp-block-latest-posts__post-date\">May 20, 2021<\/time><\/li>\n<li><div class=\"wp-block-latest-posts__featured-image\"><a href=\"https:\/\/karlacasillas.mx\/index.php\/2021\/04\/27\/seis-ninos-contra-49000-cerdos\/\" aria-label=\"Seis ni\u00f1os contra 49,000 cerdos\"><img loading=\"lazy\" decoding=\"async\" width=\"150\" height=\"150\" src=\"https:\/\/i0.wp.com\/karlacasillas.mx\/wp-content\/uploads\/2022\/03\/Captura-de-pantalla-2022-03-03-a-las-18.37.54.png?resize=150%2C150&amp;ssl=1\" class=\"attachment-thumbnail size-thumbnail wp-post-image\" alt=\"\" style=\"\" srcset=\"https:\/\/i0.wp.com\/karlacasillas.mx\/wp-content\/uploads\/2022\/03\/Captura-de-pantalla-2022-03-03-a-las-18.37.54.png?resize=150%2C150&amp;ssl=1 150w, https:\/\/i0.wp.com\/karlacasillas.mx\/wp-content\/uploads\/2022\/03\/Captura-de-pantalla-2022-03-03-a-las-18.37.54.png?zoom=2&amp;resize=150%2C150 300w, https:\/\/i0.wp.com\/karlacasillas.mx\/wp-content\/uploads\/2022\/03\/Captura-de-pantalla-2022-03-03-a-las-18.37.54.png?zoom=3&amp;resize=150%2C150 450w\" sizes=\"auto, (max-width: 150px) 100vw, 150px\" \/><\/a><\/div><a class=\"wp-block-latest-posts__post-title\" href=\"https:\/\/karlacasillas.mx\/index.php\/2021\/04\/27\/seis-ninos-contra-49000-cerdos\/\">Seis ni\u00f1os contra 49,000 cerdos<\/a><time datetime=\"2021-04-27T01:04:00+00:00\" class=\"wp-block-latest-posts__post-date\">April 27, 2021<\/time><\/li>\n<li><div class=\"wp-block-latest-posts__featured-image\"><a href=\"https:\/\/karlacasillas.mx\/index.php\/2020\/12\/10\/las-tres-muertes-de-marisela-escobedo-2\/\" aria-label=\"Las tres muertes de Marisela Escobedo\"><img loading=\"lazy\" decoding=\"async\" width=\"150\" height=\"150\" src=\"https:\/\/i0.wp.com\/karlacasillas.mx\/wp-content\/uploads\/2020\/12\/Captura-de-pantalla-2022-05-11-a-las-12.17.45.png?resize=150%2C150&amp;ssl=1\" class=\"attachment-thumbnail size-thumbnail wp-post-image\" alt=\"\" style=\"\" srcset=\"https:\/\/i0.wp.com\/karlacasillas.mx\/wp-content\/uploads\/2020\/12\/Captura-de-pantalla-2022-05-11-a-las-12.17.45.png?resize=150%2C150&amp;ssl=1 150w, https:\/\/i0.wp.com\/karlacasillas.mx\/wp-content\/uploads\/2020\/12\/Captura-de-pantalla-2022-05-11-a-las-12.17.45.png?zoom=2&amp;resize=150%2C150 300w, https:\/\/i0.wp.com\/karlacasillas.mx\/wp-content\/uploads\/2020\/12\/Captura-de-pantalla-2022-05-11-a-las-12.17.45.png?zoom=3&amp;resize=150%2C150 450w\" sizes=\"auto, (max-width: 150px) 100vw, 150px\" \/><\/a><\/div><a class=\"wp-block-latest-posts__post-title\" href=\"https:\/\/karlacasillas.mx\/index.php\/2020\/12\/10\/las-tres-muertes-de-marisela-escobedo-2\/\">Las tres muertes de Marisela Escobedo<\/a><time datetime=\"2020-12-10T16:34:00+00:00\" class=\"wp-block-latest-posts__post-date\">December 10, 2020<\/time><\/li>\n<li><div class=\"wp-block-latest-posts__featured-image\"><a href=\"https:\/\/karlacasillas.mx\/index.php\/2015\/09\/14\/el-sismo-de-los-diez-mil-muertos\/\" aria-label=\"El sismo de los diez mil muertos\"><img loading=\"lazy\" decoding=\"async\" width=\"150\" height=\"142\" src=\"https:\/\/i0.wp.com\/karlacasillas.mx\/wp-content\/uploads\/2015\/09\/138-EL-SISMO-DE-LOS-10-MIL-MUERTOS-14-SEPTIEMBRE-2015-INTERIOR-pdf-150x142.jpg?resize=150%2C142&#038;ssl=1\" class=\"attachment-thumbnail size-thumbnail wp-post-image\" alt=\"\" style=\"\" data-recalc-dims=\"1\" \/><\/a><\/div><a class=\"wp-block-latest-posts__post-title\" href=\"https:\/\/karlacasillas.mx\/index.php\/2015\/09\/14\/el-sismo-de-los-diez-mil-muertos\/\">El sismo de los diez mil muertos<\/a><time datetime=\"2015-09-14T19:00:00+00:00\" class=\"wp-block-latest-posts__post-date\">September 14, 2015<\/time><\/li>\n<li><div class=\"wp-block-latest-posts__featured-image\"><a href=\"https:\/\/karlacasillas.mx\/index.php\/2015\/07\/17\/el-altiplano-reportaron-grietas-de-seguridad\/\" aria-label=\"El Altiplano. Reportaron grietas de seguridad.\"><img loading=\"lazy\" decoding=\"async\" width=\"79\" height=\"150\" src=\"https:\/\/i0.wp.com\/karlacasillas.mx\/wp-content\/uploads\/2015\/07\/099-REPORBARON-AL-ALTIPLANO-DESED-HACE-DOS-AN\u0303OS-17-JULIO-2015-INTERIOR-pdf-79x150.jpg?resize=79%2C150&#038;ssl=1\" class=\"attachment-thumbnail size-thumbnail wp-post-image\" alt=\"\" style=\"\" data-recalc-dims=\"1\" \/><\/a><\/div><a class=\"wp-block-latest-posts__post-title\" href=\"https:\/\/karlacasillas.mx\/index.php\/2015\/07\/17\/el-altiplano-reportaron-grietas-de-seguridad\/\">El Altiplano. Reportaron grietas de seguridad.<\/a><time datetime=\"2015-07-17T19:07:00+00:00\" class=\"wp-block-latest-posts__post-date\">July 17, 2015<\/time><\/li>\n<li><div class=\"wp-block-latest-posts__featured-image\"><a href=\"https:\/\/karlacasillas.mx\/index.php\/2015\/03\/09\/ninos-perdidos-en-archivo-muerto\/\" aria-label=\"Ni\u00f1os perdidos: en archivo muerto\"><img loading=\"lazy\" decoding=\"async\" width=\"79\" height=\"150\" src=\"https:\/\/i0.wp.com\/karlacasillas.mx\/wp-content\/uploads\/2015\/03\/034-NIN\u0303OS-ROBADOS-EN-ARCHIVO-MUERTO-09-MARZO-2015-INTERIOR-pdf-79x150.jpg?resize=79%2C150&#038;ssl=1\" class=\"attachment-thumbnail size-thumbnail wp-post-image\" alt=\"\" style=\"\" data-recalc-dims=\"1\" \/><\/a><\/div><a class=\"wp-block-latest-posts__post-title\" href=\"https:\/\/karlacasillas.mx\/index.php\/2015\/03\/09\/ninos-perdidos-en-archivo-muerto\/\">Ni\u00f1os perdidos: en archivo muerto<\/a><time datetime=\"2015-03-09T18:51:00+00:00\" class=\"wp-block-latest-posts__post-date\">March 9, 2015<\/time><\/li>\n<\/ul><\/div>\n\n\n\n<div class=\"wp-block-column is-layout-flow wp-block-column-is-layout-flow\">\n<h3 class=\"wp-block-heading\">Edici\u00f3n<\/h3>\n\n\n<ul class=\"wp-block-latest-posts__list has-dates wp-block-latest-posts\"><li><div class=\"wp-block-latest-posts__featured-image\"><a href=\"https:\/\/karlacasillas.mx\/index.php\/2025\/06\/10\/la-mochila-invisible-desafios-y-resiliencias-de-periodistas-centroamericanas-en-el-exilio\/\" aria-label=\"La mochila invisible: desaf\u00edos y resiliencias de periodistas centroamericanas en el exilio.\"><img loading=\"lazy\" decoding=\"async\" width=\"150\" height=\"150\" src=\"https:\/\/i0.wp.com\/karlacasillas.mx\/wp-content\/uploads\/2025\/06\/Captura-de-pantalla-2025-06-12-a-las-14.23.43.png?resize=150%2C150&amp;ssl=1\" class=\"attachment-thumbnail size-thumbnail wp-post-image\" alt=\"\" style=\"\" srcset=\"https:\/\/i0.wp.com\/karlacasillas.mx\/wp-content\/uploads\/2025\/06\/Captura-de-pantalla-2025-06-12-a-las-14.23.43.png?resize=150%2C150&amp;ssl=1 150w, https:\/\/i0.wp.com\/karlacasillas.mx\/wp-content\/uploads\/2025\/06\/Captura-de-pantalla-2025-06-12-a-las-14.23.43.png?zoom=2&amp;resize=150%2C150 300w, https:\/\/i0.wp.com\/karlacasillas.mx\/wp-content\/uploads\/2025\/06\/Captura-de-pantalla-2025-06-12-a-las-14.23.43.png?zoom=3&amp;resize=150%2C150 450w\" sizes=\"auto, (max-width: 150px) 100vw, 150px\" \/><\/a><\/div><a class=\"wp-block-latest-posts__post-title\" href=\"https:\/\/karlacasillas.mx\/index.php\/2025\/06\/10\/la-mochila-invisible-desafios-y-resiliencias-de-periodistas-centroamericanas-en-el-exilio\/\">La mochila invisible: desaf\u00edos y resiliencias de periodistas centroamericanas en el exilio.<\/a><time datetime=\"2025-06-10T20:10:00+00:00\" class=\"wp-block-latest-posts__post-date\">June 10, 2025<\/time><\/li>\n<li><div class=\"wp-block-latest-posts__featured-image\"><a href=\"https:\/\/karlacasillas.mx\/index.php\/2021\/12\/11\/males-tiroideos-enfermedades-femeninas-e-invisibilizadas-de-la-mona-lisa-a-la-actualidad\/\" aria-label=\"Males tiroideos, enfermedades femeninas e invisibilizadas: de la Mona Lisa a la actualidad\"><img loading=\"lazy\" decoding=\"async\" width=\"150\" height=\"150\" src=\"https:\/\/i0.wp.com\/karlacasillas.mx\/wp-content\/uploads\/2022\/03\/Captura-de-pantalla-2022-03-04-a-las-14.39.32.png?resize=150%2C150&amp;ssl=1\" class=\"attachment-thumbnail size-thumbnail wp-post-image\" alt=\"\" style=\"\" srcset=\"https:\/\/i0.wp.com\/karlacasillas.mx\/wp-content\/uploads\/2022\/03\/Captura-de-pantalla-2022-03-04-a-las-14.39.32.png?resize=150%2C150&amp;ssl=1 150w, https:\/\/i0.wp.com\/karlacasillas.mx\/wp-content\/uploads\/2022\/03\/Captura-de-pantalla-2022-03-04-a-las-14.39.32.png?zoom=2&amp;resize=150%2C150 300w, https:\/\/i0.wp.com\/karlacasillas.mx\/wp-content\/uploads\/2022\/03\/Captura-de-pantalla-2022-03-04-a-las-14.39.32.png?zoom=3&amp;resize=150%2C150 450w\" sizes=\"auto, (max-width: 150px) 100vw, 150px\" \/><\/a><\/div><a class=\"wp-block-latest-posts__post-title\" href=\"https:\/\/karlacasillas.mx\/index.php\/2021\/12\/11\/males-tiroideos-enfermedades-femeninas-e-invisibilizadas-de-la-mona-lisa-a-la-actualidad\/\">Males tiroideos, enfermedades femeninas e invisibilizadas: de la Mona Lisa a la actualidad<\/a><time datetime=\"2021-12-11T20:47:00+00:00\" class=\"wp-block-latest-posts__post-date\">December 11, 2021<\/time><\/li>\n<li><div class=\"wp-block-latest-posts__featured-image\"><a href=\"https:\/\/karlacasillas.mx\/index.php\/2021\/12\/06\/libres-y-locas-del-estigma-a-la-reivindicacion\/\" aria-label=\"Libres y locas: del estigma a la reivindicaci\u00f3n\"><img loading=\"lazy\" decoding=\"async\" width=\"150\" height=\"150\" src=\"https:\/\/i0.wp.com\/karlacasillas.mx\/wp-content\/uploads\/2022\/03\/Captura-de-pantalla-2022-03-07-a-las-19.32.32.png?resize=150%2C150&amp;ssl=1\" class=\"attachment-thumbnail size-thumbnail wp-post-image\" alt=\"\" style=\"\" srcset=\"https:\/\/i0.wp.com\/karlacasillas.mx\/wp-content\/uploads\/2022\/03\/Captura-de-pantalla-2022-03-07-a-las-19.32.32.png?resize=150%2C150&amp;ssl=1 150w, https:\/\/i0.wp.com\/karlacasillas.mx\/wp-content\/uploads\/2022\/03\/Captura-de-pantalla-2022-03-07-a-las-19.32.32.png?zoom=2&amp;resize=150%2C150 300w, https:\/\/i0.wp.com\/karlacasillas.mx\/wp-content\/uploads\/2022\/03\/Captura-de-pantalla-2022-03-07-a-las-19.32.32.png?zoom=3&amp;resize=150%2C150 450w\" sizes=\"auto, (max-width: 150px) 100vw, 150px\" \/><\/a><\/div><a class=\"wp-block-latest-posts__post-title\" href=\"https:\/\/karlacasillas.mx\/index.php\/2021\/12\/06\/libres-y-locas-del-estigma-a-la-reivindicacion\/\">Libres y locas: del estigma a la reivindicaci\u00f3n<\/a><time datetime=\"2021-12-06T01:48:00+00:00\" class=\"wp-block-latest-posts__post-date\">December 6, 2021<\/time><\/li>\n<li><div class=\"wp-block-latest-posts__featured-image\"><a href=\"https:\/\/karlacasillas.mx\/index.php\/2021\/12\/03\/suenos-y-derechos-de-las-mujeres-con-discapacidad-en-guatemala\/\" aria-label=\"Sue\u00f1os y derechos de las mujeres con discapacidad en Guatemala\"><img loading=\"lazy\" decoding=\"async\" width=\"150\" height=\"150\" src=\"https:\/\/i0.wp.com\/karlacasillas.mx\/wp-content\/uploads\/2022\/03\/Captura-de-pantalla-2022-03-04-a-las-14.18.56.png?resize=150%2C150&amp;ssl=1\" class=\"attachment-thumbnail size-thumbnail wp-post-image\" alt=\"\" style=\"\" srcset=\"https:\/\/i0.wp.com\/karlacasillas.mx\/wp-content\/uploads\/2022\/03\/Captura-de-pantalla-2022-03-04-a-las-14.18.56.png?resize=150%2C150&amp;ssl=1 150w, https:\/\/i0.wp.com\/karlacasillas.mx\/wp-content\/uploads\/2022\/03\/Captura-de-pantalla-2022-03-04-a-las-14.18.56.png?zoom=2&amp;resize=150%2C150 300w, https:\/\/i0.wp.com\/karlacasillas.mx\/wp-content\/uploads\/2022\/03\/Captura-de-pantalla-2022-03-04-a-las-14.18.56.png?zoom=3&amp;resize=150%2C150 450w\" sizes=\"auto, (max-width: 150px) 100vw, 150px\" \/><\/a><\/div><a class=\"wp-block-latest-posts__post-title\" href=\"https:\/\/karlacasillas.mx\/index.php\/2021\/12\/03\/suenos-y-derechos-de-las-mujeres-con-discapacidad-en-guatemala\/\">Sue\u00f1os y derechos de las mujeres con discapacidad en Guatemala<\/a><time datetime=\"2021-12-03T20:20:00+00:00\" class=\"wp-block-latest-posts__post-date\">December 3, 2021<\/time><\/li>\n<li><div class=\"wp-block-latest-posts__featured-image\"><a href=\"https:\/\/karlacasillas.mx\/index.php\/2021\/12\/03\/las-batallas-de-leo-contra-el-sistema-penal\/\" aria-label=\"Las batallas de Leo contra el sistema penal\"><img loading=\"lazy\" decoding=\"async\" width=\"150\" height=\"150\" src=\"https:\/\/i0.wp.com\/karlacasillas.mx\/wp-content\/uploads\/2022\/03\/Captura-de-pantalla-2022-03-04-a-las-13.20.02.png?resize=150%2C150&amp;ssl=1\" class=\"attachment-thumbnail size-thumbnail wp-post-image\" alt=\"\" style=\"\" srcset=\"https:\/\/i0.wp.com\/karlacasillas.mx\/wp-content\/uploads\/2022\/03\/Captura-de-pantalla-2022-03-04-a-las-13.20.02.png?resize=150%2C150&amp;ssl=1 150w, https:\/\/i0.wp.com\/karlacasillas.mx\/wp-content\/uploads\/2022\/03\/Captura-de-pantalla-2022-03-04-a-las-13.20.02.png?zoom=2&amp;resize=150%2C150 300w, https:\/\/i0.wp.com\/karlacasillas.mx\/wp-content\/uploads\/2022\/03\/Captura-de-pantalla-2022-03-04-a-las-13.20.02.png?zoom=3&amp;resize=150%2C150 450w\" sizes=\"auto, (max-width: 150px) 100vw, 150px\" \/><\/a><\/div><a class=\"wp-block-latest-posts__post-title\" href=\"https:\/\/karlacasillas.mx\/index.php\/2021\/12\/03\/las-batallas-de-leo-contra-el-sistema-penal\/\">Las batallas de Leo contra el sistema penal<\/a><time datetime=\"2021-12-03T19:36:00+00:00\" class=\"wp-block-latest-posts__post-date\">December 3, 2021<\/time><\/li>\n<li><div class=\"wp-block-latest-posts__featured-image\"><a href=\"https:\/\/karlacasillas.mx\/index.php\/2021\/12\/02\/como-han-pasado-los-anos-una-historia-de-resistencia-en-medio-de-una-sociedad-que-violenta-y-abandona-a-las-adultas-mayores\/\" aria-label=\"\u2018C\u00f3mo han pasado los a\u00f1os\u2019: una historia de resistencia en medio de una sociedad que violenta y abandona a las adultas mayores\"><img loading=\"lazy\" decoding=\"async\" width=\"150\" height=\"150\" src=\"https:\/\/i0.wp.com\/karlacasillas.mx\/wp-content\/uploads\/2022\/03\/Captura-de-pantalla-2022-03-04-a-las-14.00.04.png?resize=150%2C150&amp;ssl=1\" class=\"attachment-thumbnail size-thumbnail wp-post-image\" alt=\"\" style=\"\" srcset=\"https:\/\/i0.wp.com\/karlacasillas.mx\/wp-content\/uploads\/2022\/03\/Captura-de-pantalla-2022-03-04-a-las-14.00.04.png?resize=150%2C150&amp;ssl=1 150w, https:\/\/i0.wp.com\/karlacasillas.mx\/wp-content\/uploads\/2022\/03\/Captura-de-pantalla-2022-03-04-a-las-14.00.04.png?zoom=2&amp;resize=150%2C150 300w, https:\/\/i0.wp.com\/karlacasillas.mx\/wp-content\/uploads\/2022\/03\/Captura-de-pantalla-2022-03-04-a-las-14.00.04.png?zoom=3&amp;resize=150%2C150 450w\" sizes=\"auto, (max-width: 150px) 100vw, 150px\" \/><\/a><\/div><a class=\"wp-block-latest-posts__post-title\" href=\"https:\/\/karlacasillas.mx\/index.php\/2021\/12\/02\/como-han-pasado-los-anos-una-historia-de-resistencia-en-medio-de-una-sociedad-que-violenta-y-abandona-a-las-adultas-mayores\/\">\u2018C\u00f3mo han pasado los a\u00f1os\u2019: una historia de resistencia en medio de una sociedad que violenta y abandona a las adultas mayores<\/a><time datetime=\"2021-12-02T20:01:00+00:00\" class=\"wp-block-latest-posts__post-date\">December 2, 2021<\/time><\/li>\n<li><div class=\"wp-block-latest-posts__featured-image\"><a href=\"https:\/\/karlacasillas.mx\/index.php\/2021\/12\/02\/la-bitacora-de-las-violencias\/\" aria-label=\"La bit\u00e1cora de las violencias\"><img loading=\"lazy\" decoding=\"async\" width=\"150\" height=\"150\" src=\"https:\/\/i0.wp.com\/karlacasillas.mx\/wp-content\/uploads\/2022\/03\/Captura-de-pantalla-2022-03-04-a-las-12.59.41.png?resize=150%2C150&amp;ssl=1\" class=\"attachment-thumbnail size-thumbnail wp-post-image\" alt=\"\" style=\"\" srcset=\"https:\/\/i0.wp.com\/karlacasillas.mx\/wp-content\/uploads\/2022\/03\/Captura-de-pantalla-2022-03-04-a-las-12.59.41.png?resize=150%2C150&amp;ssl=1 150w, https:\/\/i0.wp.com\/karlacasillas.mx\/wp-content\/uploads\/2022\/03\/Captura-de-pantalla-2022-03-04-a-las-12.59.41.png?zoom=2&amp;resize=150%2C150 300w, https:\/\/i0.wp.com\/karlacasillas.mx\/wp-content\/uploads\/2022\/03\/Captura-de-pantalla-2022-03-04-a-las-12.59.41.png?zoom=3&amp;resize=150%2C150 450w\" sizes=\"auto, (max-width: 150px) 100vw, 150px\" \/><\/a><\/div><a class=\"wp-block-latest-posts__post-title\" href=\"https:\/\/karlacasillas.mx\/index.php\/2021\/12\/02\/la-bitacora-de-las-violencias\/\">La bit\u00e1cora de las violencias<\/a><time datetime=\"2021-12-02T19:03:00+00:00\" class=\"wp-block-latest-posts__post-date\">December 2, 2021<\/time><\/li>\n<li><div class=\"wp-block-latest-posts__featured-image\"><a href=\"https:\/\/karlacasillas.mx\/index.php\/2020\/09\/10\/falsas-terrazas-territorio-de-humo-y-covid-19\/\" aria-label=\"Falsas terrazas: territorio de humo y covid-19\"><img loading=\"lazy\" decoding=\"async\" width=\"150\" height=\"150\" src=\"https:\/\/i0.wp.com\/karlacasillas.mx\/wp-content\/uploads\/2022\/02\/Captura-de-pantalla-2022-02-14-a-las-14.17.25.png?resize=150%2C150&amp;ssl=1\" class=\"attachment-thumbnail size-thumbnail wp-post-image\" alt=\"\" style=\"\" srcset=\"https:\/\/i0.wp.com\/karlacasillas.mx\/wp-content\/uploads\/2022\/02\/Captura-de-pantalla-2022-02-14-a-las-14.17.25.png?resize=150%2C150&amp;ssl=1 150w, https:\/\/i0.wp.com\/karlacasillas.mx\/wp-content\/uploads\/2022\/02\/Captura-de-pantalla-2022-02-14-a-las-14.17.25.png?zoom=2&amp;resize=150%2C150 300w, https:\/\/i0.wp.com\/karlacasillas.mx\/wp-content\/uploads\/2022\/02\/Captura-de-pantalla-2022-02-14-a-las-14.17.25.png?zoom=3&amp;resize=150%2C150 450w\" sizes=\"auto, (max-width: 150px) 100vw, 150px\" \/><\/a><\/div><a class=\"wp-block-latest-posts__post-title\" href=\"https:\/\/karlacasillas.mx\/index.php\/2020\/09\/10\/falsas-terrazas-territorio-de-humo-y-covid-19\/\">Falsas terrazas: territorio de humo y covid-19<\/a><time datetime=\"2020-09-10T20:18:00+00:00\" class=\"wp-block-latest-posts__post-date\">September 10, 2020<\/time><\/li>\n<li><div class=\"wp-block-latest-posts__featured-image\"><a href=\"https:\/\/karlacasillas.mx\/index.php\/2020\/06\/01\/los-influencers-de-la-nicotina\/\" aria-label=\"Los influencers de la nicotina\"><img loading=\"lazy\" decoding=\"async\" width=\"150\" height=\"150\" src=\"https:\/\/i0.wp.com\/karlacasillas.mx\/wp-content\/uploads\/2022\/02\/Captura-de-pantalla-2022-02-14-a-las-14.27.32.png?resize=150%2C150&amp;ssl=1\" class=\"attachment-thumbnail size-thumbnail wp-post-image\" alt=\"\" style=\"\" srcset=\"https:\/\/i0.wp.com\/karlacasillas.mx\/wp-content\/uploads\/2022\/02\/Captura-de-pantalla-2022-02-14-a-las-14.27.32.png?resize=150%2C150&amp;ssl=1 150w, https:\/\/i0.wp.com\/karlacasillas.mx\/wp-content\/uploads\/2022\/02\/Captura-de-pantalla-2022-02-14-a-las-14.27.32.png?zoom=2&amp;resize=150%2C150 300w, https:\/\/i0.wp.com\/karlacasillas.mx\/wp-content\/uploads\/2022\/02\/Captura-de-pantalla-2022-02-14-a-las-14.27.32.png?zoom=3&amp;resize=150%2C150 450w\" sizes=\"auto, (max-width: 150px) 100vw, 150px\" \/><\/a><\/div><a class=\"wp-block-latest-posts__post-title\" href=\"https:\/\/karlacasillas.mx\/index.php\/2020\/06\/01\/los-influencers-de-la-nicotina\/\">Los influencers de la nicotina<\/a><time datetime=\"2020-06-01T20:31:00+00:00\" class=\"wp-block-latest-posts__post-date\">June 1, 2020<\/time><\/li>\n<li><div class=\"wp-block-latest-posts__featured-image\"><a href=\"https:\/\/karlacasillas.mx\/index.php\/2020\/05\/28\/tabacaleras-apoyan-el-quedateencasa-pero-fumando\/\" aria-label=\"Tabacaleras apoyan el #Qu\u00e9dateencasa&#8230; pero fumando\"><img loading=\"lazy\" decoding=\"async\" width=\"150\" height=\"150\" src=\"https:\/\/i0.wp.com\/karlacasillas.mx\/wp-content\/uploads\/2022\/02\/Captura-de-pantalla-2022-02-14-a-las-14.39.20.png?resize=150%2C150&amp;ssl=1\" class=\"attachment-thumbnail size-thumbnail wp-post-image\" alt=\"\" style=\"\" srcset=\"https:\/\/i0.wp.com\/karlacasillas.mx\/wp-content\/uploads\/2022\/02\/Captura-de-pantalla-2022-02-14-a-las-14.39.20.png?resize=150%2C150&amp;ssl=1 150w, https:\/\/i0.wp.com\/karlacasillas.mx\/wp-content\/uploads\/2022\/02\/Captura-de-pantalla-2022-02-14-a-las-14.39.20.png?zoom=2&amp;resize=150%2C150 300w, https:\/\/i0.wp.com\/karlacasillas.mx\/wp-content\/uploads\/2022\/02\/Captura-de-pantalla-2022-02-14-a-las-14.39.20.png?zoom=3&amp;resize=150%2C150 450w\" sizes=\"auto, (max-width: 150px) 100vw, 150px\" \/><\/a><\/div><a class=\"wp-block-latest-posts__post-title\" href=\"https:\/\/karlacasillas.mx\/index.php\/2020\/05\/28\/tabacaleras-apoyan-el-quedateencasa-pero-fumando\/\">Tabacaleras apoyan el #Qu\u00e9dateencasa&#8230; pero fumando<\/a><time datetime=\"2020-05-28T20:36:00+00:00\" class=\"wp-block-latest-posts__post-date\">May 28, 2020<\/time><\/li>\n<li><div class=\"wp-block-latest-posts__featured-image\"><a href=\"https:\/\/karlacasillas.mx\/index.php\/2020\/03\/02\/el-cacique-del-agua\/\" aria-label=\"El cacique del agua\"><img loading=\"lazy\" decoding=\"async\" width=\"150\" height=\"150\" src=\"https:\/\/i0.wp.com\/karlacasillas.mx\/wp-content\/uploads\/2022\/03\/Captura-de-pantalla-2022-03-04-a-las-15.07.20.png?resize=150%2C150&amp;ssl=1\" class=\"attachment-thumbnail size-thumbnail wp-post-image\" alt=\"\" style=\"\" srcset=\"https:\/\/i0.wp.com\/karlacasillas.mx\/wp-content\/uploads\/2022\/03\/Captura-de-pantalla-2022-03-04-a-las-15.07.20.png?resize=150%2C150&amp;ssl=1 150w, https:\/\/i0.wp.com\/karlacasillas.mx\/wp-content\/uploads\/2022\/03\/Captura-de-pantalla-2022-03-04-a-las-15.07.20.png?zoom=2&amp;resize=150%2C150 300w, https:\/\/i0.wp.com\/karlacasillas.mx\/wp-content\/uploads\/2022\/03\/Captura-de-pantalla-2022-03-04-a-las-15.07.20.png?zoom=3&amp;resize=150%2C150 450w\" sizes=\"auto, (max-width: 150px) 100vw, 150px\" \/><\/a><\/div><a class=\"wp-block-latest-posts__post-title\" href=\"https:\/\/karlacasillas.mx\/index.php\/2020\/03\/02\/el-cacique-del-agua\/\">El cacique del agua<\/a><time datetime=\"2020-03-02T21:13:00+00:00\" class=\"wp-block-latest-posts__post-date\">March 2, 2020<\/time><\/li>\n<li><div class=\"wp-block-latest-posts__featured-image\"><a href=\"https:\/\/karlacasillas.mx\/index.php\/2019\/02\/25\/el-cartel-de-la-comida-vice\/\" aria-label=\"El c\u00e1rtel de la comida\"><img loading=\"lazy\" decoding=\"async\" width=\"150\" height=\"150\" src=\"https:\/\/i0.wp.com\/karlacasillas.mx\/wp-content\/uploads\/2022\/02\/Captura-de-pantalla-2022-02-11-a-las-14.51.16.png?resize=150%2C150&amp;ssl=1\" class=\"attachment-thumbnail size-thumbnail wp-post-image\" alt=\"\" style=\"\" srcset=\"https:\/\/i0.wp.com\/karlacasillas.mx\/wp-content\/uploads\/2022\/02\/Captura-de-pantalla-2022-02-11-a-las-14.51.16.png?resize=150%2C150&amp;ssl=1 150w, https:\/\/i0.wp.com\/karlacasillas.mx\/wp-content\/uploads\/2022\/02\/Captura-de-pantalla-2022-02-11-a-las-14.51.16.png?zoom=2&amp;resize=150%2C150 300w, https:\/\/i0.wp.com\/karlacasillas.mx\/wp-content\/uploads\/2022\/02\/Captura-de-pantalla-2022-02-11-a-las-14.51.16.png?zoom=3&amp;resize=150%2C150 450w\" sizes=\"auto, (max-width: 150px) 100vw, 150px\" \/><\/a><\/div><a class=\"wp-block-latest-posts__post-title\" href=\"https:\/\/karlacasillas.mx\/index.php\/2019\/02\/25\/el-cartel-de-la-comida-vice\/\">El c\u00e1rtel de la comida<\/a><time datetime=\"2019-02-25T21:04:00+00:00\" class=\"wp-block-latest-posts__post-date\">February 25, 2019<\/time><\/li>\n<\/ul><\/div>\n\n\n\n<div class=\"wp-block-column is-layout-flow wp-block-column-is-layout-flow\">\n<h3 class=\"wp-block-heading\">Opini\u00f3n<\/h3>\n\n\n<ul class=\"wp-block-latest-posts__list has-dates wp-block-latest-posts\"><li><div class=\"wp-block-latest-posts__featured-image\"><a href=\"https:\/\/karlacasillas.mx\/index.php\/2024\/06\/18\/urge-romper-la-dinamica-sensacionalista-alrededor-de-la-violencia-feminicida-en-mexico\/\" aria-label=\"Urge romper la din\u00e1mica sensacionalista alrededor de la violencia feminicida en M\u00e9xico\"><img loading=\"lazy\" decoding=\"async\" width=\"150\" height=\"150\" src=\"https:\/\/i0.wp.com\/karlacasillas.mx\/wp-content\/uploads\/2024\/06\/Captura-de-pantalla-2025-06-12-a-las-14.03.39.png?resize=150%2C150&amp;ssl=1\" class=\"attachment-thumbnail size-thumbnail wp-post-image\" alt=\"\" style=\"\" srcset=\"https:\/\/i0.wp.com\/karlacasillas.mx\/wp-content\/uploads\/2024\/06\/Captura-de-pantalla-2025-06-12-a-las-14.03.39.png?resize=150%2C150&amp;ssl=1 150w, https:\/\/i0.wp.com\/karlacasillas.mx\/wp-content\/uploads\/2024\/06\/Captura-de-pantalla-2025-06-12-a-las-14.03.39.png?zoom=2&amp;resize=150%2C150 300w, https:\/\/i0.wp.com\/karlacasillas.mx\/wp-content\/uploads\/2024\/06\/Captura-de-pantalla-2025-06-12-a-las-14.03.39.png?zoom=3&amp;resize=150%2C150 450w\" sizes=\"auto, (max-width: 150px) 100vw, 150px\" \/><\/a><\/div><a class=\"wp-block-latest-posts__post-title\" href=\"https:\/\/karlacasillas.mx\/index.php\/2024\/06\/18\/urge-romper-la-dinamica-sensacionalista-alrededor-de-la-violencia-feminicida-en-mexico\/\">Urge romper la din\u00e1mica sensacionalista alrededor de la violencia feminicida en M\u00e9xico<\/a><time datetime=\"2024-06-18T19:54:00+00:00\" class=\"wp-block-latest-posts__post-date\">June 18, 2024<\/time><\/li>\n<li><div class=\"wp-block-latest-posts__featured-image\"><a href=\"https:\/\/karlacasillas.mx\/index.php\/2024\/03\/08\/escuchando-a-las-sobrevivientes-sus-reflexiones-como-guia-para-un-nuevo-periodismo\/\" aria-label=\"Escuchando a las sobrevivientes: sus reflexiones como gu\u00eda para un nuevo periodismo\"><img loading=\"lazy\" decoding=\"async\" width=\"150\" height=\"150\" src=\"https:\/\/i0.wp.com\/karlacasillas.mx\/wp-content\/uploads\/2024\/03\/Captura-de-pantalla-2025-06-12-a-las-14.39.44.png?resize=150%2C150&amp;ssl=1\" class=\"attachment-thumbnail size-thumbnail wp-post-image\" alt=\"\" style=\"\" srcset=\"https:\/\/i0.wp.com\/karlacasillas.mx\/wp-content\/uploads\/2024\/03\/Captura-de-pantalla-2025-06-12-a-las-14.39.44.png?resize=150%2C150&amp;ssl=1 150w, https:\/\/i0.wp.com\/karlacasillas.mx\/wp-content\/uploads\/2024\/03\/Captura-de-pantalla-2025-06-12-a-las-14.39.44.png?zoom=2&amp;resize=150%2C150 300w, https:\/\/i0.wp.com\/karlacasillas.mx\/wp-content\/uploads\/2024\/03\/Captura-de-pantalla-2025-06-12-a-las-14.39.44.png?zoom=3&amp;resize=150%2C150 450w\" sizes=\"auto, (max-width: 150px) 100vw, 150px\" \/><\/a><\/div><a class=\"wp-block-latest-posts__post-title\" href=\"https:\/\/karlacasillas.mx\/index.php\/2024\/03\/08\/escuchando-a-las-sobrevivientes-sus-reflexiones-como-guia-para-un-nuevo-periodismo\/\">Escuchando a las sobrevivientes: sus reflexiones como gu\u00eda para un nuevo periodismo<\/a><time datetime=\"2024-03-08T20:34:00+00:00\" class=\"wp-block-latest-posts__post-date\">March 8, 2024<\/time><\/li>\n<li><div class=\"wp-block-latest-posts__featured-image\"><a href=\"https:\/\/karlacasillas.mx\/index.php\/2023\/11\/29\/explorando-la-idea-de-la-traicion-mediatica\/\" aria-label=\"Explorando la idea de la traici\u00f3n medi\u00e1tica\"><img loading=\"lazy\" decoding=\"async\" width=\"150\" height=\"150\" src=\"https:\/\/i0.wp.com\/karlacasillas.mx\/wp-content\/uploads\/2025\/06\/Captura-de-pantalla-2025-06-12-a-las-14.41.26.png?resize=150%2C150&amp;ssl=1\" class=\"attachment-thumbnail size-thumbnail wp-post-image\" alt=\"\" style=\"\" srcset=\"https:\/\/i0.wp.com\/karlacasillas.mx\/wp-content\/uploads\/2025\/06\/Captura-de-pantalla-2025-06-12-a-las-14.41.26.png?resize=150%2C150&amp;ssl=1 150w, https:\/\/i0.wp.com\/karlacasillas.mx\/wp-content\/uploads\/2025\/06\/Captura-de-pantalla-2025-06-12-a-las-14.41.26.png?zoom=2&amp;resize=150%2C150 300w, https:\/\/i0.wp.com\/karlacasillas.mx\/wp-content\/uploads\/2025\/06\/Captura-de-pantalla-2025-06-12-a-las-14.41.26.png?zoom=3&amp;resize=150%2C150 450w\" sizes=\"auto, (max-width: 150px) 100vw, 150px\" \/><\/a><\/div><a class=\"wp-block-latest-posts__post-title\" href=\"https:\/\/karlacasillas.mx\/index.php\/2023\/11\/29\/explorando-la-idea-de-la-traicion-mediatica\/\">Explorando la idea de la traici\u00f3n medi\u00e1tica<\/a><time datetime=\"2023-11-29T20:40:00+00:00\" class=\"wp-block-latest-posts__post-date\">November 29, 2023<\/time><\/li>\n<li><div class=\"wp-block-latest-posts__featured-image\"><a href=\"https:\/\/karlacasillas.mx\/index.php\/2021\/10\/13\/los-medios-tienen-una-relacion-toxica-con-la-violencia-de-genero-en-mexico-es-hora-de-frenarla\/\" aria-label=\"Los medios tienen una relaci\u00f3n t\u00f3xica con la violencia de g\u00e9nero en M\u00e9xico. Es hora de frenarla.\"><img loading=\"lazy\" decoding=\"async\" width=\"150\" height=\"150\" src=\"https:\/\/i0.wp.com\/karlacasillas.mx\/wp-content\/uploads\/2021\/10\/Captura-de-pantalla-2022-03-03-a-las-13.34.23.png?resize=150%2C150&amp;ssl=1\" class=\"attachment-thumbnail size-thumbnail wp-post-image\" alt=\"\" style=\"\" srcset=\"https:\/\/i0.wp.com\/karlacasillas.mx\/wp-content\/uploads\/2021\/10\/Captura-de-pantalla-2022-03-03-a-las-13.34.23.png?resize=150%2C150&amp;ssl=1 150w, https:\/\/i0.wp.com\/karlacasillas.mx\/wp-content\/uploads\/2021\/10\/Captura-de-pantalla-2022-03-03-a-las-13.34.23.png?zoom=2&amp;resize=150%2C150 300w, https:\/\/i0.wp.com\/karlacasillas.mx\/wp-content\/uploads\/2021\/10\/Captura-de-pantalla-2022-03-03-a-las-13.34.23.png?zoom=3&amp;resize=150%2C150 450w\" sizes=\"auto, (max-width: 150px) 100vw, 150px\" \/><\/a><\/div><a class=\"wp-block-latest-posts__post-title\" href=\"https:\/\/karlacasillas.mx\/index.php\/2021\/10\/13\/los-medios-tienen-una-relacion-toxica-con-la-violencia-de-genero-en-mexico-es-hora-de-frenarla\/\">Los medios tienen una relaci\u00f3n t\u00f3xica con la violencia de g\u00e9nero en M\u00e9xico. Es hora de frenarla.<\/a><time datetime=\"2021-10-13T00:12:24+00:00\" class=\"wp-block-latest-posts__post-date\">October 13, 2021<\/time><\/li>\n<li><div class=\"wp-block-latest-posts__featured-image\"><a href=\"https:\/\/karlacasillas.mx\/index.php\/2021\/02\/21\/ante-la-violencia-de-genero-mexico-manda-mensajes-de-impunidad\/\" aria-label=\"Ante la violencia de g\u00e9nero, M\u00e9xico manda mensajes de impunidad\"><img loading=\"lazy\" decoding=\"async\" width=\"150\" height=\"150\" src=\"https:\/\/i0.wp.com\/karlacasillas.mx\/wp-content\/uploads\/2021\/02\/Captura-de-pantalla-2022-03-03-a-las-13.20.39.png?resize=150%2C150&amp;ssl=1\" class=\"attachment-thumbnail size-thumbnail wp-post-image\" alt=\"\" style=\"\" srcset=\"https:\/\/i0.wp.com\/karlacasillas.mx\/wp-content\/uploads\/2021\/02\/Captura-de-pantalla-2022-03-03-a-las-13.20.39.png?resize=150%2C150&amp;ssl=1 150w, https:\/\/i0.wp.com\/karlacasillas.mx\/wp-content\/uploads\/2021\/02\/Captura-de-pantalla-2022-03-03-a-las-13.20.39.png?zoom=2&amp;resize=150%2C150 300w, https:\/\/i0.wp.com\/karlacasillas.mx\/wp-content\/uploads\/2021\/02\/Captura-de-pantalla-2022-03-03-a-las-13.20.39.png?zoom=3&amp;resize=150%2C150 450w\" sizes=\"auto, (max-width: 150px) 100vw, 150px\" \/><\/a><\/div><a class=\"wp-block-latest-posts__post-title\" href=\"https:\/\/karlacasillas.mx\/index.php\/2021\/02\/21\/ante-la-violencia-de-genero-mexico-manda-mensajes-de-impunidad\/\">Ante la violencia de g\u00e9nero, M\u00e9xico manda mensajes de impunidad<\/a><time datetime=\"2021-02-21T19:25:00+00:00\" class=\"wp-block-latest-posts__post-date\">February 21, 2021<\/time><\/li>\n<li><div class=\"wp-block-latest-posts__featured-image\"><a href=\"https:\/\/karlacasillas.mx\/index.php\/2020\/12\/16\/10-anos-del-asesinato-de-marisela-escobedo-las-razones-de-contar-su-historia\/\" aria-label=\"10 a\u00f1os del asesinato de Marisela Escobedo: las razones de contar su historia\"><img loading=\"lazy\" decoding=\"async\" width=\"150\" height=\"150\" src=\"https:\/\/i0.wp.com\/karlacasillas.mx\/wp-content\/uploads\/2022\/03\/Captura-de-pantalla-2022-03-03-a-las-14.27.59.png?resize=150%2C150&amp;ssl=1\" class=\"attachment-thumbnail size-thumbnail wp-post-image\" alt=\"\" style=\"\" srcset=\"https:\/\/i0.wp.com\/karlacasillas.mx\/wp-content\/uploads\/2022\/03\/Captura-de-pantalla-2022-03-03-a-las-14.27.59.png?resize=150%2C150&amp;ssl=1 150w, https:\/\/i0.wp.com\/karlacasillas.mx\/wp-content\/uploads\/2022\/03\/Captura-de-pantalla-2022-03-03-a-las-14.27.59.png?zoom=2&amp;resize=150%2C150 300w, https:\/\/i0.wp.com\/karlacasillas.mx\/wp-content\/uploads\/2022\/03\/Captura-de-pantalla-2022-03-03-a-las-14.27.59.png?zoom=3&amp;resize=150%2C150 450w\" sizes=\"auto, (max-width: 150px) 100vw, 150px\" \/><\/a><\/div><a class=\"wp-block-latest-posts__post-title\" href=\"https:\/\/karlacasillas.mx\/index.php\/2020\/12\/16\/10-anos-del-asesinato-de-marisela-escobedo-las-razones-de-contar-su-historia\/\">10 a\u00f1os del asesinato de Marisela Escobedo: las razones de contar su historia<\/a><time datetime=\"2020-12-16T00:02:00+00:00\" class=\"wp-block-latest-posts__post-date\">December 16, 2020<\/time><\/li>\n<\/ul><\/div>\n\n\n\n<div class=\"wp-block-column is-layout-flow wp-block-column-is-layout-flow\">\n<h3 class=\"wp-block-heading\">Documental<\/h3>\n\n\n<ul class=\"wp-block-latest-posts__list has-dates wp-block-latest-posts\"><li><div class=\"wp-block-latest-posts__featured-image\"><a href=\"https:\/\/karlacasillas.mx\/index.php\/2024\/09\/28\/el-portal-la-historia-oculta-de-zona-divas\/\" aria-label=\"EL Portal. La historia oculta de zona divas.\"><img loading=\"lazy\" decoding=\"async\" width=\"150\" height=\"150\" src=\"https:\/\/i0.wp.com\/karlacasillas.mx\/wp-content\/uploads\/2024\/09\/ES-MX_EPZD-S1_Main_Square_1X1_RGB_PRE1.jpg?resize=150%2C150&amp;ssl=1\" class=\"attachment-thumbnail size-thumbnail wp-post-image\" alt=\"\" style=\"\" srcset=\"https:\/\/i0.wp.com\/karlacasillas.mx\/wp-content\/uploads\/2024\/09\/ES-MX_EPZD-S1_Main_Square_1X1_RGB_PRE1.jpg?w=1080&amp;ssl=1 1080w, https:\/\/i0.wp.com\/karlacasillas.mx\/wp-content\/uploads\/2024\/09\/ES-MX_EPZD-S1_Main_Square_1X1_RGB_PRE1.jpg?resize=300%2C300&amp;ssl=1 300w, https:\/\/i0.wp.com\/karlacasillas.mx\/wp-content\/uploads\/2024\/09\/ES-MX_EPZD-S1_Main_Square_1X1_RGB_PRE1.jpg?resize=1024%2C1024&amp;ssl=1 1024w, https:\/\/i0.wp.com\/karlacasillas.mx\/wp-content\/uploads\/2024\/09\/ES-MX_EPZD-S1_Main_Square_1X1_RGB_PRE1.jpg?resize=150%2C150&amp;ssl=1 150w, https:\/\/i0.wp.com\/karlacasillas.mx\/wp-content\/uploads\/2024\/09\/ES-MX_EPZD-S1_Main_Square_1X1_RGB_PRE1.jpg?resize=768%2C768&amp;ssl=1 768w, https:\/\/i0.wp.com\/karlacasillas.mx\/wp-content\/uploads\/2024\/09\/ES-MX_EPZD-S1_Main_Square_1X1_RGB_PRE1.jpg?resize=850%2C850&amp;ssl=1 850w\" sizes=\"auto, (max-width: 150px) 100vw, 150px\" \/><\/a><\/div><a class=\"wp-block-latest-posts__post-title\" href=\"https:\/\/karlacasillas.mx\/index.php\/2024\/09\/28\/el-portal-la-historia-oculta-de-zona-divas\/\">EL Portal. La historia oculta de zona divas.<\/a><time datetime=\"2024-09-28T15:34:51+00:00\" class=\"wp-block-latest-posts__post-date\">September 28, 2024<\/time><\/li>\n<li><div class=\"wp-block-latest-posts__featured-image\"><a href=\"https:\/\/karlacasillas.mx\/index.php\/2023\/09\/28\/la-oscuridad-de-la-luz-del-mundo\/\" aria-label=\"La oscuridad de La Luz del Mundo.\"><img loading=\"lazy\" decoding=\"async\" width=\"150\" height=\"150\" src=\"https:\/\/i0.wp.com\/karlacasillas.mx\/wp-content\/uploads\/2024\/05\/ES_LODLLDM_RGB_HORIZONTAL_16x9_POST.jpg?resize=150%2C150&amp;ssl=1\" class=\"attachment-thumbnail size-thumbnail wp-post-image\" alt=\"\" style=\"\" srcset=\"https:\/\/i0.wp.com\/karlacasillas.mx\/wp-content\/uploads\/2024\/05\/ES_LODLLDM_RGB_HORIZONTAL_16x9_POST.jpg?resize=150%2C150&amp;ssl=1 150w, https:\/\/i0.wp.com\/karlacasillas.mx\/wp-content\/uploads\/2024\/05\/ES_LODLLDM_RGB_HORIZONTAL_16x9_POST.jpg?zoom=2&amp;resize=150%2C150 300w, https:\/\/i0.wp.com\/karlacasillas.mx\/wp-content\/uploads\/2024\/05\/ES_LODLLDM_RGB_HORIZONTAL_16x9_POST.jpg?zoom=3&amp;resize=150%2C150 450w\" sizes=\"auto, (max-width: 150px) 100vw, 150px\" \/><\/a><\/div><a class=\"wp-block-latest-posts__post-title\" href=\"https:\/\/karlacasillas.mx\/index.php\/2023\/09\/28\/la-oscuridad-de-la-luz-del-mundo\/\">La oscuridad de La Luz del Mundo.<\/a><time datetime=\"2023-09-28T04:40:00+00:00\" class=\"wp-block-latest-posts__post-date\">September 28, 2023<\/time><\/li>\n<li><div class=\"wp-block-latest-posts__featured-image\"><a href=\"https:\/\/karlacasillas.mx\/index.php\/2023\/07\/27\/la-dama-del-silencio-el-caso-mataviejitas\/\" aria-label=\"La Dama del Silencio. El caso Mataviejitas.\"><img loading=\"lazy\" decoding=\"async\" width=\"150\" height=\"150\" src=\"https:\/\/i0.wp.com\/karlacasillas.mx\/wp-content\/uploads\/2023\/08\/ES_LDDS_RGB_HORIZONTAL_16x9_POST.jpg?resize=150%2C150&amp;ssl=1\" class=\"attachment-thumbnail size-thumbnail wp-post-image\" alt=\"\" style=\"\" srcset=\"https:\/\/i0.wp.com\/karlacasillas.mx\/wp-content\/uploads\/2023\/08\/ES_LDDS_RGB_HORIZONTAL_16x9_POST.jpg?resize=150%2C150&amp;ssl=1 150w, https:\/\/i0.wp.com\/karlacasillas.mx\/wp-content\/uploads\/2023\/08\/ES_LDDS_RGB_HORIZONTAL_16x9_POST.jpg?zoom=2&amp;resize=150%2C150 300w, https:\/\/i0.wp.com\/karlacasillas.mx\/wp-content\/uploads\/2023\/08\/ES_LDDS_RGB_HORIZONTAL_16x9_POST.jpg?zoom=3&amp;resize=150%2C150 450w\" sizes=\"auto, (max-width: 150px) 100vw, 150px\" \/><\/a><\/div><a class=\"wp-block-latest-posts__post-title\" href=\"https:\/\/karlacasillas.mx\/index.php\/2023\/07\/27\/la-dama-del-silencio-el-caso-mataviejitas\/\">La Dama del Silencio. El caso Mataviejitas.<\/a><time datetime=\"2023-07-27T01:00:00+00:00\" class=\"wp-block-latest-posts__post-date\">July 27, 2023<\/time><\/li>\n<li><div class=\"wp-block-latest-posts__featured-image\"><a href=\"https:\/\/karlacasillas.mx\/index.php\/2020\/10\/14\/las-tres-muertes-de-marisela-escobedo\/\" aria-label=\"Las tres muertes de Marisela Escobedo\"><img loading=\"lazy\" decoding=\"async\" width=\"150\" height=\"150\" src=\"https:\/\/i0.wp.com\/karlacasillas.mx\/wp-content\/uploads\/2022\/02\/Las-tres-muertes-de-Marisela-Escobedo.jpeg?resize=150%2C150&amp;ssl=1\" class=\"attachment-thumbnail size-thumbnail wp-post-image\" alt=\"\" style=\"\" srcset=\"https:\/\/i0.wp.com\/karlacasillas.mx\/wp-content\/uploads\/2022\/02\/Las-tres-muertes-de-Marisela-Escobedo.jpeg?resize=150%2C150&amp;ssl=1 150w, https:\/\/i0.wp.com\/karlacasillas.mx\/wp-content\/uploads\/2022\/02\/Las-tres-muertes-de-Marisela-Escobedo.jpeg?zoom=2&amp;resize=150%2C150 300w, https:\/\/i0.wp.com\/karlacasillas.mx\/wp-content\/uploads\/2022\/02\/Las-tres-muertes-de-Marisela-Escobedo.jpeg?zoom=3&amp;resize=150%2C150 450w\" sizes=\"auto, (max-width: 150px) 100vw, 150px\" \/><\/a><\/div><a class=\"wp-block-latest-posts__post-title\" href=\"https:\/\/karlacasillas.mx\/index.php\/2020\/10\/14\/las-tres-muertes-de-marisela-escobedo\/\">Las tres muertes de Marisela Escobedo<\/a><time datetime=\"2020-10-14T19:56:00+00:00\" class=\"wp-block-latest-posts__post-date\">October 14, 2020<\/time><\/li>\n<\/ul><\/div>\n<\/div>\n<\/div><\/div>\n\n\n\n<div class=\"wp-block-group\"><div class=\"wp-block-group__inner-container is-layout-flow wp-block-group-is-layout-flow\">\n<div class=\"wp-block-columns is-layout-flex wp-container-core-columns-is-layout-9d6595d7 wp-block-columns-is-layout-flex\">\n<div class=\"wp-block-column is-layout-flow wp-block-column-is-layout-flow\"><\/div>\n<\/div>\n<\/div><\/div>\n","protected":false},"excerpt":{"rendered":"<p>Cronol\u00f3gico Investigaci\u00f3n Edici\u00f3n Opini\u00f3n Documental<\/p>\n","protected":false},"author":1,"featured_media":0,"parent":0,"menu_order":0,"comment_status":"closed","ping_status":"closed","template":"","meta":{"_mi_skip_tracking":false,"_monsterinsights_sitenote_active":false,"_monsterinsights_sitenote_note":"","_monsterinsights_sitenote_category":0,"footnotes":""},"class_list":["post-856","page","type-page","status-publish","hentry"],"aioseo_notices":[],"_links":{"self":[{"href":"https:\/\/karlacasillas.mx\/index.php\/wp-json\/wp\/v2\/pages\/856","targetHints":{"allow":["GET"]}}],"collection":[{"href":"https:\/\/karlacasillas.mx\/index.php\/wp-json\/wp\/v2\/pages"}],"about":[{"href":"https:\/\/karlacasillas.mx\/index.php\/wp-json\/wp\/v2\/types\/page"}],"author":[{"embeddable":true,"href":"https:\/\/karlacasillas.mx\/index.php\/wp-json\/wp\/v2\/users\/1"}],"replies":[{"embeddable":true,"href":"https:\/\/karlacasillas.mx\/index.php\/wp-json\/wp\/v2\/comments?post=856"}],"version-history":[{"count":4,"href":"https:\/\/karlacasillas.mx\/index.php\/wp-json\/wp\/v2\/pages\/856\/revisions"}],"predecessor-version":[{"id":864,"href":"https:\/\/karlacasillas.mx\/index.php\/wp-json\/wp\/v2\/pages\/856\/revisions\/864"}],"wp:attachment":[{"href":"https:\/\/karlacasillas.mx\/index.php\/wp-json\/wp\/v2\/media?parent=856"}],"curies":[{"name":"wp","href":"https:\/\/api.w.org\/{rel}","templated":true}]}}