{"id":22,"date":"2022-02-11T17:52:13","date_gmt":"2022-02-11T17:52:13","guid":{"rendered":"http:\/\/karlacasillas.mx\/?page_id=22"},"modified":"2024-08-09T18:00:56","modified_gmt":"2024-08-09T18:00:56","slug":"investigacion","status":"publish","type":"page","link":"https:\/\/karlacasillas.mx\/index.php\/investigacion\/","title":{"rendered":"Investigaci\u00f3n"},"content":{"rendered":"<ul class=\"wp-block-latest-posts__list is-grid columns-3 has-dates wp-block-latest-posts\"><li><div class=\"wp-block-latest-posts__featured-image aligncenter\"><a href=\"https:\/\/karlacasillas.mx\/index.php\/2025\/06\/01\/los-corridos-de-vivir-quintana-cimbran-los-penales-de-mujeres-ellas-mataron-para-no-morir\/\" aria-label=\"Los corridos de Vivir Quintana cimbran los penales de mujeres: ellas mataron para no morir\"><img loading=\"lazy\" decoding=\"async\" width=\"300\" height=\"187\" src=\"https:\/\/i0.wp.com\/karlacasillas.mx\/wp-content\/uploads\/2025\/06\/Captura-de-pantalla-2025-06-12-a-las-13.34.09.png?fit=300%2C187&amp;ssl=1\" class=\"attachment-medium size-medium wp-post-image\" alt=\"\" style=\"max-width:225px;max-height:225px;\" srcset=\"https:\/\/i0.wp.com\/karlacasillas.mx\/wp-content\/uploads\/2025\/06\/Captura-de-pantalla-2025-06-12-a-las-13.34.09.png?w=1440&amp;ssl=1 1440w, https:\/\/i0.wp.com\/karlacasillas.mx\/wp-content\/uploads\/2025\/06\/Captura-de-pantalla-2025-06-12-a-las-13.34.09.png?resize=300%2C187&amp;ssl=1 300w, https:\/\/i0.wp.com\/karlacasillas.mx\/wp-content\/uploads\/2025\/06\/Captura-de-pantalla-2025-06-12-a-las-13.34.09.png?resize=1024%2C639&amp;ssl=1 1024w, https:\/\/i0.wp.com\/karlacasillas.mx\/wp-content\/uploads\/2025\/06\/Captura-de-pantalla-2025-06-12-a-las-13.34.09.png?resize=768%2C479&amp;ssl=1 768w, https:\/\/i0.wp.com\/karlacasillas.mx\/wp-content\/uploads\/2025\/06\/Captura-de-pantalla-2025-06-12-a-las-13.34.09.png?resize=850%2C531&amp;ssl=1 850w, https:\/\/i0.wp.com\/karlacasillas.mx\/wp-content\/uploads\/2025\/06\/Captura-de-pantalla-2025-06-12-a-las-13.34.09.png?w=1280 1280w\" sizes=\"auto, (max-width: 300px) 100vw, 300px\" \/><\/a><\/div><a class=\"wp-block-latest-posts__post-title\" href=\"https:\/\/karlacasillas.mx\/index.php\/2025\/06\/01\/los-corridos-de-vivir-quintana-cimbran-los-penales-de-mujeres-ellas-mataron-para-no-morir\/\">Los corridos de Vivir Quintana cimbran los penales de mujeres: ellas mataron para no morir<\/a><time datetime=\"2025-06-01T19:41:00+00:00\" class=\"wp-block-latest-posts__post-date\">June 1, 2025<\/time><\/li>\n<li><div class=\"wp-block-latest-posts__featured-image aligncenter\"><a href=\"https:\/\/karlacasillas.mx\/index.php\/2025\/05\/04\/ellasmandannudes-la-rebelion-de-los-cuerpos-reales-de-vietnika-batres\/\" aria-label=\"#EllasmandanNUDES: la rebeli\u00f3n de los cuerpos reales de Vi\u00e9tnika Batres\"><img loading=\"lazy\" decoding=\"async\" width=\"300\" height=\"176\" src=\"https:\/\/i0.wp.com\/karlacasillas.mx\/wp-content\/uploads\/2025\/06\/Captura-de-pantalla-2025-06-12-a-las-13.13.56.png?fit=300%2C176&amp;ssl=1\" class=\"attachment-medium size-medium wp-post-image\" alt=\"\" style=\"max-width:225px;max-height:225px;\" srcset=\"https:\/\/i0.wp.com\/karlacasillas.mx\/wp-content\/uploads\/2025\/06\/Captura-de-pantalla-2025-06-12-a-las-13.13.56.png?w=1440&amp;ssl=1 1440w, https:\/\/i0.wp.com\/karlacasillas.mx\/wp-content\/uploads\/2025\/06\/Captura-de-pantalla-2025-06-12-a-las-13.13.56.png?resize=300%2C176&amp;ssl=1 300w, https:\/\/i0.wp.com\/karlacasillas.mx\/wp-content\/uploads\/2025\/06\/Captura-de-pantalla-2025-06-12-a-las-13.13.56.png?resize=1024%2C602&amp;ssl=1 1024w, https:\/\/i0.wp.com\/karlacasillas.mx\/wp-content\/uploads\/2025\/06\/Captura-de-pantalla-2025-06-12-a-las-13.13.56.png?resize=768%2C451&amp;ssl=1 768w, https:\/\/i0.wp.com\/karlacasillas.mx\/wp-content\/uploads\/2025\/06\/Captura-de-pantalla-2025-06-12-a-las-13.13.56.png?resize=850%2C499&amp;ssl=1 850w, https:\/\/i0.wp.com\/karlacasillas.mx\/wp-content\/uploads\/2025\/06\/Captura-de-pantalla-2025-06-12-a-las-13.13.56.png?w=1280 1280w\" sizes=\"auto, (max-width: 300px) 100vw, 300px\" \/><\/a><\/div><a class=\"wp-block-latest-posts__post-title\" href=\"https:\/\/karlacasillas.mx\/index.php\/2025\/05\/04\/ellasmandannudes-la-rebelion-de-los-cuerpos-reales-de-vietnika-batres\/\">#EllasmandanNUDES: la rebeli\u00f3n de los cuerpos reales de Vi\u00e9tnika Batres<\/a><time datetime=\"2025-05-04T19:22:00+00:00\" class=\"wp-block-latest-posts__post-date\">May 4, 2025<\/time><\/li>\n<li><div class=\"wp-block-latest-posts__featured-image aligncenter\"><a href=\"https:\/\/karlacasillas.mx\/index.php\/2024\/09\/29\/las-legislaciones-no-son-suficientes-bandana-pattanaik-contra-la-trata-de-mujeres\/\" aria-label=\"Las legislaciones no son suficientes. Bandana Pattanaik contra la trata de mujeres\"><img loading=\"lazy\" decoding=\"async\" width=\"300\" height=\"187\" src=\"https:\/\/i0.wp.com\/karlacasillas.mx\/wp-content\/uploads\/2025\/06\/Captura-de-pantalla-2025-06-12-a-las-12.55.27.png?fit=300%2C187&amp;ssl=1\" class=\"attachment-medium size-medium wp-post-image\" alt=\"\" style=\"max-width:225px;max-height:225px;\" srcset=\"https:\/\/i0.wp.com\/karlacasillas.mx\/wp-content\/uploads\/2025\/06\/Captura-de-pantalla-2025-06-12-a-las-12.55.27.png?w=1440&amp;ssl=1 1440w, https:\/\/i0.wp.com\/karlacasillas.mx\/wp-content\/uploads\/2025\/06\/Captura-de-pantalla-2025-06-12-a-las-12.55.27.png?resize=300%2C187&amp;ssl=1 300w, https:\/\/i0.wp.com\/karlacasillas.mx\/wp-content\/uploads\/2025\/06\/Captura-de-pantalla-2025-06-12-a-las-12.55.27.png?resize=1024%2C639&amp;ssl=1 1024w, https:\/\/i0.wp.com\/karlacasillas.mx\/wp-content\/uploads\/2025\/06\/Captura-de-pantalla-2025-06-12-a-las-12.55.27.png?resize=768%2C479&amp;ssl=1 768w, https:\/\/i0.wp.com\/karlacasillas.mx\/wp-content\/uploads\/2025\/06\/Captura-de-pantalla-2025-06-12-a-las-12.55.27.png?resize=850%2C530&amp;ssl=1 850w, https:\/\/i0.wp.com\/karlacasillas.mx\/wp-content\/uploads\/2025\/06\/Captura-de-pantalla-2025-06-12-a-las-12.55.27.png?w=1280 1280w\" sizes=\"auto, (max-width: 300px) 100vw, 300px\" \/><\/a><\/div><a class=\"wp-block-latest-posts__post-title\" href=\"https:\/\/karlacasillas.mx\/index.php\/2024\/09\/29\/las-legislaciones-no-son-suficientes-bandana-pattanaik-contra-la-trata-de-mujeres\/\">Las legislaciones no son suficientes. Bandana Pattanaik contra la trata de mujeres<\/a><time datetime=\"2024-09-29T19:09:00+00:00\" class=\"wp-block-latest-posts__post-date\">September 29, 2024<\/time><\/li>\n<li><div class=\"wp-block-latest-posts__featured-image aligncenter\"><a href=\"https:\/\/karlacasillas.mx\/index.php\/2024\/09\/08\/justicia-para-katya-el-otro-feminicidio-vinculado-a-zona-divas\/\" aria-label=\"Justicia para Katya: el \u2018otro\u2019 feminicidio vinculado a Zona Divas\"><img loading=\"lazy\" decoding=\"async\" width=\"300\" height=\"177\" src=\"https:\/\/i0.wp.com\/karlacasillas.mx\/wp-content\/uploads\/2025\/06\/Captura-de-pantalla-2025-06-12-a-las-12.36.24.png?fit=300%2C177&amp;ssl=1\" class=\"attachment-medium size-medium wp-post-image\" alt=\"\" style=\"max-width:225px;max-height:225px;\" srcset=\"https:\/\/i0.wp.com\/karlacasillas.mx\/wp-content\/uploads\/2025\/06\/Captura-de-pantalla-2025-06-12-a-las-12.36.24.png?w=1440&amp;ssl=1 1440w, https:\/\/i0.wp.com\/karlacasillas.mx\/wp-content\/uploads\/2025\/06\/Captura-de-pantalla-2025-06-12-a-las-12.36.24.png?resize=300%2C177&amp;ssl=1 300w, https:\/\/i0.wp.com\/karlacasillas.mx\/wp-content\/uploads\/2025\/06\/Captura-de-pantalla-2025-06-12-a-las-12.36.24.png?resize=1024%2C604&amp;ssl=1 1024w, https:\/\/i0.wp.com\/karlacasillas.mx\/wp-content\/uploads\/2025\/06\/Captura-de-pantalla-2025-06-12-a-las-12.36.24.png?resize=768%2C453&amp;ssl=1 768w, https:\/\/i0.wp.com\/karlacasillas.mx\/wp-content\/uploads\/2025\/06\/Captura-de-pantalla-2025-06-12-a-las-12.36.24.png?resize=850%2C501&amp;ssl=1 850w, https:\/\/i0.wp.com\/karlacasillas.mx\/wp-content\/uploads\/2025\/06\/Captura-de-pantalla-2025-06-12-a-las-12.36.24.png?w=1280 1280w\" sizes=\"auto, (max-width: 300px) 100vw, 300px\" \/><\/a><\/div><a class=\"wp-block-latest-posts__post-title\" href=\"https:\/\/karlacasillas.mx\/index.php\/2024\/09\/08\/justicia-para-katya-el-otro-feminicidio-vinculado-a-zona-divas\/\">Justicia para Katya: el \u2018otro\u2019 feminicidio vinculado a Zona Divas<\/a><time datetime=\"2024-09-08T18:46:00+00:00\" class=\"wp-block-latest-posts__post-date\">September 8, 2024<\/time><\/li>\n<li><div class=\"wp-block-latest-posts__featured-image aligncenter\"><a href=\"https:\/\/karlacasillas.mx\/index.php\/2023\/10\/06\/la-impunidad-de-la-luz-del-mundo-en-mexico\/\" aria-label=\"La impunidad de la Luz del Mundo en M\u00e9xico\"><img loading=\"lazy\" decoding=\"async\" width=\"300\" height=\"188\" src=\"https:\/\/i0.wp.com\/karlacasillas.mx\/wp-content\/uploads\/2023\/10\/Captura-de-pantalla-2025-06-12-a-las-11.59.49.png?fit=300%2C188&amp;ssl=1\" class=\"attachment-medium size-medium wp-post-image\" alt=\"\" style=\"max-width:225px;max-height:225px;\" srcset=\"https:\/\/i0.wp.com\/karlacasillas.mx\/wp-content\/uploads\/2023\/10\/Captura-de-pantalla-2025-06-12-a-las-11.59.49.png?w=1436&amp;ssl=1 1436w, https:\/\/i0.wp.com\/karlacasillas.mx\/wp-content\/uploads\/2023\/10\/Captura-de-pantalla-2025-06-12-a-las-11.59.49.png?resize=300%2C188&amp;ssl=1 300w, https:\/\/i0.wp.com\/karlacasillas.mx\/wp-content\/uploads\/2023\/10\/Captura-de-pantalla-2025-06-12-a-las-11.59.49.png?resize=1024%2C642&amp;ssl=1 1024w, https:\/\/i0.wp.com\/karlacasillas.mx\/wp-content\/uploads\/2023\/10\/Captura-de-pantalla-2025-06-12-a-las-11.59.49.png?resize=768%2C481&amp;ssl=1 768w, https:\/\/i0.wp.com\/karlacasillas.mx\/wp-content\/uploads\/2023\/10\/Captura-de-pantalla-2025-06-12-a-las-11.59.49.png?resize=850%2C533&amp;ssl=1 850w, https:\/\/i0.wp.com\/karlacasillas.mx\/wp-content\/uploads\/2023\/10\/Captura-de-pantalla-2025-06-12-a-las-11.59.49.png?w=1280 1280w\" sizes=\"auto, (max-width: 300px) 100vw, 300px\" \/><\/a><\/div><a class=\"wp-block-latest-posts__post-title\" href=\"https:\/\/karlacasillas.mx\/index.php\/2023\/10\/06\/la-impunidad-de-la-luz-del-mundo-en-mexico\/\">La impunidad de la Luz del Mundo en M\u00e9xico<\/a><time datetime=\"2023-10-06T17:45:00+00:00\" class=\"wp-block-latest-posts__post-date\">October 6, 2023<\/time><\/li>\n<li><div class=\"wp-block-latest-posts__featured-image aligncenter\"><a href=\"https:\/\/karlacasillas.mx\/index.php\/2023\/07\/27\/la-mataviejitas-que-nunca-lo-fue-la-historia-de-araceli-vazquez-19-anos-en-la-carcel-esperando-a-que-la-justicia-revise-su-caso\/\" aria-label=\"La Mataviejitas que nunca lo fue: la historia de Araceli V\u00e1zquez, 19 a\u00f1os en la c\u00e1rcel esperando a que la Justicia revise su caso\"><img loading=\"lazy\" decoding=\"async\" width=\"300\" height=\"174\" src=\"https:\/\/i0.wp.com\/karlacasillas.mx\/wp-content\/uploads\/2025\/06\/Captura-de-pantalla-2025-06-12-a-las-12.16.17.png?fit=300%2C174&amp;ssl=1\" class=\"attachment-medium size-medium wp-post-image\" alt=\"\" style=\"max-width:225px;max-height:225px;\" srcset=\"https:\/\/i0.wp.com\/karlacasillas.mx\/wp-content\/uploads\/2025\/06\/Captura-de-pantalla-2025-06-12-a-las-12.16.17.png?w=1425&amp;ssl=1 1425w, https:\/\/i0.wp.com\/karlacasillas.mx\/wp-content\/uploads\/2025\/06\/Captura-de-pantalla-2025-06-12-a-las-12.16.17.png?resize=300%2C174&amp;ssl=1 300w, https:\/\/i0.wp.com\/karlacasillas.mx\/wp-content\/uploads\/2025\/06\/Captura-de-pantalla-2025-06-12-a-las-12.16.17.png?resize=1024%2C595&amp;ssl=1 1024w, https:\/\/i0.wp.com\/karlacasillas.mx\/wp-content\/uploads\/2025\/06\/Captura-de-pantalla-2025-06-12-a-las-12.16.17.png?resize=768%2C446&amp;ssl=1 768w, https:\/\/i0.wp.com\/karlacasillas.mx\/wp-content\/uploads\/2025\/06\/Captura-de-pantalla-2025-06-12-a-las-12.16.17.png?resize=850%2C494&amp;ssl=1 850w, https:\/\/i0.wp.com\/karlacasillas.mx\/wp-content\/uploads\/2025\/06\/Captura-de-pantalla-2025-06-12-a-las-12.16.17.png?w=1280 1280w\" sizes=\"auto, (max-width: 300px) 100vw, 300px\" \/><\/a><\/div><a class=\"wp-block-latest-posts__post-title\" href=\"https:\/\/karlacasillas.mx\/index.php\/2023\/07\/27\/la-mataviejitas-que-nunca-lo-fue-la-historia-de-araceli-vazquez-19-anos-en-la-carcel-esperando-a-que-la-justicia-revise-su-caso\/\">La Mataviejitas que nunca lo fue: la historia de Araceli V\u00e1zquez, 19 a\u00f1os en la c\u00e1rcel esperando a que la Justicia revise su caso<\/a><time datetime=\"2023-07-27T18:17:00+00:00\" class=\"wp-block-latest-posts__post-date\">July 27, 2023<\/time><\/li>\n<li><div class=\"wp-block-latest-posts__featured-image aligncenter\"><a href=\"https:\/\/karlacasillas.mx\/index.php\/2021\/05\/20\/caso-homun-la-suprema-corte-puede-sentar-un-gran-precedente-ambiental-en-mexico\/\" aria-label=\"Caso Hom\u00fan: la Suprema Corte puede sentar un gran precedente ambiental en M\u00e9xico\"><img loading=\"lazy\" decoding=\"async\" width=\"300\" height=\"241\" src=\"https:\/\/i0.wp.com\/karlacasillas.mx\/wp-content\/uploads\/2022\/03\/Captura-de-pantalla-2022-03-03-a-las-14.39.59.png?fit=300%2C241&amp;ssl=1\" class=\"attachment-medium size-medium wp-post-image\" alt=\"\" style=\"max-width:225px;max-height:225px;\" srcset=\"https:\/\/i0.wp.com\/karlacasillas.mx\/wp-content\/uploads\/2022\/03\/Captura-de-pantalla-2022-03-03-a-las-14.39.59.png?w=633&amp;ssl=1 633w, https:\/\/i0.wp.com\/karlacasillas.mx\/wp-content\/uploads\/2022\/03\/Captura-de-pantalla-2022-03-03-a-las-14.39.59.png?resize=300%2C241&amp;ssl=1 300w\" sizes=\"auto, (max-width: 300px) 100vw, 300px\" \/><\/a><\/div><a class=\"wp-block-latest-posts__post-title\" href=\"https:\/\/karlacasillas.mx\/index.php\/2021\/05\/20\/caso-homun-la-suprema-corte-puede-sentar-un-gran-precedente-ambiental-en-mexico\/\">Caso Hom\u00fan: la Suprema Corte puede sentar un gran precedente ambiental en M\u00e9xico<\/a><time datetime=\"2021-05-20T22:44:00+00:00\" class=\"wp-block-latest-posts__post-date\">May 20, 2021<\/time><\/li>\n<li><div class=\"wp-block-latest-posts__featured-image aligncenter\"><a href=\"https:\/\/karlacasillas.mx\/index.php\/2021\/04\/27\/seis-ninos-contra-49000-cerdos\/\" aria-label=\"Seis ni\u00f1os contra 49,000 cerdos\"><img loading=\"lazy\" decoding=\"async\" width=\"300\" height=\"199\" src=\"https:\/\/i0.wp.com\/karlacasillas.mx\/wp-content\/uploads\/2022\/03\/Captura-de-pantalla-2022-03-03-a-las-18.37.54.png?fit=300%2C199&amp;ssl=1\" class=\"attachment-medium size-medium wp-post-image\" alt=\"\" style=\"max-width:225px;max-height:225px;\" srcset=\"https:\/\/i0.wp.com\/karlacasillas.mx\/wp-content\/uploads\/2022\/03\/Captura-de-pantalla-2022-03-03-a-las-18.37.54.png?w=772&amp;ssl=1 772w, https:\/\/i0.wp.com\/karlacasillas.mx\/wp-content\/uploads\/2022\/03\/Captura-de-pantalla-2022-03-03-a-las-18.37.54.png?resize=300%2C199&amp;ssl=1 300w, https:\/\/i0.wp.com\/karlacasillas.mx\/wp-content\/uploads\/2022\/03\/Captura-de-pantalla-2022-03-03-a-las-18.37.54.png?resize=768%2C509&amp;ssl=1 768w\" sizes=\"auto, (max-width: 300px) 100vw, 300px\" \/><\/a><\/div><a class=\"wp-block-latest-posts__post-title\" href=\"https:\/\/karlacasillas.mx\/index.php\/2021\/04\/27\/seis-ninos-contra-49000-cerdos\/\">Seis ni\u00f1os contra 49,000 cerdos<\/a><time datetime=\"2021-04-27T01:04:00+00:00\" class=\"wp-block-latest-posts__post-date\">April 27, 2021<\/time><\/li>\n<li><div class=\"wp-block-latest-posts__featured-image aligncenter\"><a href=\"https:\/\/karlacasillas.mx\/index.php\/2020\/12\/10\/las-tres-muertes-de-marisela-escobedo-2\/\" aria-label=\"Las tres muertes de Marisela Escobedo\"><img loading=\"lazy\" decoding=\"async\" width=\"300\" height=\"188\" src=\"https:\/\/i0.wp.com\/karlacasillas.mx\/wp-content\/uploads\/2020\/12\/Captura-de-pantalla-2022-05-11-a-las-12.17.45.png?fit=300%2C188&amp;ssl=1\" class=\"attachment-medium size-medium wp-post-image\" alt=\"\" style=\"max-width:225px;max-height:225px;\" srcset=\"https:\/\/i0.wp.com\/karlacasillas.mx\/wp-content\/uploads\/2020\/12\/Captura-de-pantalla-2022-05-11-a-las-12.17.45.png?w=1435&amp;ssl=1 1435w, https:\/\/i0.wp.com\/karlacasillas.mx\/wp-content\/uploads\/2020\/12\/Captura-de-pantalla-2022-05-11-a-las-12.17.45.png?resize=300%2C188&amp;ssl=1 300w, https:\/\/i0.wp.com\/karlacasillas.mx\/wp-content\/uploads\/2020\/12\/Captura-de-pantalla-2022-05-11-a-las-12.17.45.png?resize=1024%2C642&amp;ssl=1 1024w, https:\/\/i0.wp.com\/karlacasillas.mx\/wp-content\/uploads\/2020\/12\/Captura-de-pantalla-2022-05-11-a-las-12.17.45.png?resize=768%2C482&amp;ssl=1 768w, https:\/\/i0.wp.com\/karlacasillas.mx\/wp-content\/uploads\/2020\/12\/Captura-de-pantalla-2022-05-11-a-las-12.17.45.png?resize=850%2C533&amp;ssl=1 850w, https:\/\/i0.wp.com\/karlacasillas.mx\/wp-content\/uploads\/2020\/12\/Captura-de-pantalla-2022-05-11-a-las-12.17.45.png?w=1280 1280w\" sizes=\"auto, (max-width: 300px) 100vw, 300px\" \/><\/a><\/div><a class=\"wp-block-latest-posts__post-title\" href=\"https:\/\/karlacasillas.mx\/index.php\/2020\/12\/10\/las-tres-muertes-de-marisela-escobedo-2\/\">Las tres muertes de Marisela Escobedo<\/a><time datetime=\"2020-12-10T16:34:00+00:00\" class=\"wp-block-latest-posts__post-date\">December 10, 2020<\/time><\/li>\n<li><div class=\"wp-block-latest-posts__featured-image aligncenter\"><a href=\"https:\/\/karlacasillas.mx\/index.php\/2015\/09\/14\/el-sismo-de-los-diez-mil-muertos\/\" aria-label=\"El sismo de los diez mil muertos\"><img loading=\"lazy\" decoding=\"async\" width=\"300\" height=\"284\" src=\"https:\/\/i0.wp.com\/karlacasillas.mx\/wp-content\/uploads\/2015\/09\/138-EL-SISMO-DE-LOS-10-MIL-MUERTOS-14-SEPTIEMBRE-2015-INTERIOR-pdf-300x284.jpg?resize=300%2C284&#038;ssl=1\" class=\"attachment-medium size-medium wp-post-image\" alt=\"\" style=\"max-width:225px;max-height:225px;\" data-recalc-dims=\"1\" \/><\/a><\/div><a class=\"wp-block-latest-posts__post-title\" href=\"https:\/\/karlacasillas.mx\/index.php\/2015\/09\/14\/el-sismo-de-los-diez-mil-muertos\/\">El sismo de los diez mil muertos<\/a><time datetime=\"2015-09-14T19:00:00+00:00\" class=\"wp-block-latest-posts__post-date\">September 14, 2015<\/time><\/li>\n<li><div class=\"wp-block-latest-posts__featured-image aligncenter\"><a href=\"https:\/\/karlacasillas.mx\/index.php\/2015\/07\/17\/el-altiplano-reportaron-grietas-de-seguridad\/\" aria-label=\"El Altiplano. Reportaron grietas de seguridad.\"><img loading=\"lazy\" decoding=\"async\" width=\"159\" height=\"300\" src=\"https:\/\/i0.wp.com\/karlacasillas.mx\/wp-content\/uploads\/2015\/07\/099-REPORBARON-AL-ALTIPLANO-DESED-HACE-DOS-AN\u0303OS-17-JULIO-2015-INTERIOR-pdf-159x300.jpg?resize=159%2C300&#038;ssl=1\" class=\"attachment-medium size-medium wp-post-image\" alt=\"\" style=\"max-width:225px;max-height:225px;\" data-recalc-dims=\"1\" \/><\/a><\/div><a class=\"wp-block-latest-posts__post-title\" href=\"https:\/\/karlacasillas.mx\/index.php\/2015\/07\/17\/el-altiplano-reportaron-grietas-de-seguridad\/\">El Altiplano. Reportaron grietas de seguridad.<\/a><time datetime=\"2015-07-17T19:07:00+00:00\" class=\"wp-block-latest-posts__post-date\">July 17, 2015<\/time><\/li>\n<li><div class=\"wp-block-latest-posts__featured-image aligncenter\"><a href=\"https:\/\/karlacasillas.mx\/index.php\/2015\/03\/09\/ninos-perdidos-en-archivo-muerto\/\" aria-label=\"Ni\u00f1os perdidos: en archivo muerto\"><img loading=\"lazy\" decoding=\"async\" width=\"159\" height=\"300\" src=\"https:\/\/i0.wp.com\/karlacasillas.mx\/wp-content\/uploads\/2015\/03\/034-NIN\u0303OS-ROBADOS-EN-ARCHIVO-MUERTO-09-MARZO-2015-INTERIOR-pdf-159x300.jpg?resize=159%2C300&#038;ssl=1\" class=\"attachment-medium size-medium wp-post-image\" alt=\"\" style=\"max-width:225px;max-height:225px;\" data-recalc-dims=\"1\" \/><\/a><\/div><a class=\"wp-block-latest-posts__post-title\" href=\"https:\/\/karlacasillas.mx\/index.php\/2015\/03\/09\/ninos-perdidos-en-archivo-muerto\/\">Ni\u00f1os perdidos: en archivo muerto<\/a><time datetime=\"2015-03-09T18:51:00+00:00\" class=\"wp-block-latest-posts__post-date\">March 9, 2015<\/time><\/li>\n<li><div class=\"wp-block-latest-posts__featured-image aligncenter\"><a href=\"https:\/\/karlacasillas.mx\/index.php\/2014\/11\/24\/pierde-gdf-por-renta-de-espacios-publicos\/\" aria-label=\"Pierde GDF por renta de espacios p\u00fablicos\"><img loading=\"lazy\" decoding=\"async\" width=\"159\" height=\"300\" src=\"https:\/\/i0.wp.com\/karlacasillas.mx\/wp-content\/uploads\/2022\/05\/PIERDE-GDF-POR-RENTA-DE-ESPACIOS-PU\u0301BLICOS-1-pdf-159x300.jpg?resize=159%2C300&#038;ssl=1\" class=\"attachment-medium size-medium wp-post-image\" alt=\"\" style=\"max-width:225px;max-height:225px;\" data-recalc-dims=\"1\" \/><\/a><\/div><a class=\"wp-block-latest-posts__post-title\" href=\"https:\/\/karlacasillas.mx\/index.php\/2014\/11\/24\/pierde-gdf-por-renta-de-espacios-publicos\/\">Pierde GDF por renta de espacios p\u00fablicos<\/a><time datetime=\"2014-11-24T19:35:00+00:00\" class=\"wp-block-latest-posts__post-date\">November 24, 2014<\/time><\/li>\n<li><div class=\"wp-block-latest-posts__featured-image aligncenter\"><a href=\"https:\/\/karlacasillas.mx\/index.php\/2014\/07\/22\/privilegia-gdf-a-empresas-de-parquimetros\/\" aria-label=\"Privilegia GDF a empresas de parqu\u00edmetros\"><img loading=\"lazy\" decoding=\"async\" width=\"159\" height=\"300\" src=\"https:\/\/i0.wp.com\/karlacasillas.mx\/wp-content\/uploads\/2014\/07\/favorecio-GDF-a-empreas-de-parqui\u0301metrosportada21oct2013-pdf-159x300.jpg?resize=159%2C300&#038;ssl=1\" class=\"attachment-medium size-medium wp-post-image\" alt=\"\" style=\"max-width:225px;max-height:225px;\" data-recalc-dims=\"1\" \/><\/a><\/div><a class=\"wp-block-latest-posts__post-title\" href=\"https:\/\/karlacasillas.mx\/index.php\/2014\/07\/22\/privilegia-gdf-a-empresas-de-parquimetros\/\">Privilegia GDF a empresas de parqu\u00edmetros<\/a><time datetime=\"2014-07-22T19:29:00+00:00\" class=\"wp-block-latest-posts__post-date\">July 22, 2014<\/time><\/li>\n<li><div class=\"wp-block-latest-posts__featured-image aligncenter\"><a href=\"https:\/\/karlacasillas.mx\/index.php\/2014\/06\/20\/empresas-mexicanas-tienen-sed-de-talento\/\" aria-label=\"Empresas mexicanas tienen sed de talento\"><img loading=\"lazy\" decoding=\"async\" width=\"300\" height=\"283\" src=\"https:\/\/i0.wp.com\/karlacasillas.mx\/wp-content\/uploads\/2022\/05\/Empresas-tienen-sed-de-talento-20-jun-2014-interiores-1-pdf-300x283.jpg?resize=300%2C283&#038;ssl=1\" class=\"attachment-medium size-medium wp-post-image\" alt=\"\" style=\"max-width:225px;max-height:225px;\" data-recalc-dims=\"1\" \/><\/a><\/div><a class=\"wp-block-latest-posts__post-title\" href=\"https:\/\/karlacasillas.mx\/index.php\/2014\/06\/20\/empresas-mexicanas-tienen-sed-de-talento\/\">Empresas mexicanas tienen sed de talento<\/a><time datetime=\"2014-06-20T19:23:00+00:00\" class=\"wp-block-latest-posts__post-date\">June 20, 2014<\/time><\/li>\n<li><div class=\"wp-block-latest-posts__featured-image aligncenter\"><a href=\"https:\/\/karlacasillas.mx\/index.php\/2014\/05\/04\/se-disparan-muertes-en-el-metro\/\" aria-label=\"Se disparan muertes en el metro\"><img loading=\"lazy\" decoding=\"async\" width=\"159\" height=\"300\" src=\"https:\/\/i0.wp.com\/karlacasillas.mx\/wp-content\/uploads\/2022\/05\/Se-disparan-muertes-en-el-Metro-4-mayo-2014-interior-1-pdf-159x300.jpg?resize=159%2C300&#038;ssl=1\" class=\"attachment-medium size-medium wp-post-image\" alt=\"\" style=\"max-width:225px;max-height:225px;\" data-recalc-dims=\"1\" \/><\/a><\/div><a class=\"wp-block-latest-posts__post-title\" href=\"https:\/\/karlacasillas.mx\/index.php\/2014\/05\/04\/se-disparan-muertes-en-el-metro\/\">Se disparan muertes en el metro<\/a><time datetime=\"2014-05-04T19:00:00+00:00\" class=\"wp-block-latest-posts__post-date\">May 4, 2014<\/time><\/li>\n<li><div class=\"wp-block-latest-posts__featured-image aligncenter\"><a href=\"https:\/\/karlacasillas.mx\/index.php\/2014\/04\/02\/se-pistoliza-pais-por-inseguridad\/\" aria-label=\"Se pistoliza pa\u00eds por inseguridad\"><img loading=\"lazy\" decoding=\"async\" width=\"159\" height=\"300\" src=\"https:\/\/i0.wp.com\/karlacasillas.mx\/wp-content\/uploads\/2022\/05\/se-pistoliza-el-pais-por-inseguridad-02-abr-2014-portada-pdf-159x300.jpg?resize=159%2C300&#038;ssl=1\" class=\"attachment-medium size-medium wp-post-image\" alt=\"\" style=\"max-width:225px;max-height:225px;\" data-recalc-dims=\"1\" \/><\/a><\/div><a class=\"wp-block-latest-posts__post-title\" href=\"https:\/\/karlacasillas.mx\/index.php\/2014\/04\/02\/se-pistoliza-pais-por-inseguridad\/\">Se pistoliza pa\u00eds por inseguridad<\/a><time datetime=\"2014-04-02T18:57:00+00:00\" class=\"wp-block-latest-posts__post-date\">April 2, 2014<\/time><\/li>\n<li><div class=\"wp-block-latest-posts__featured-image aligncenter\"><a href=\"https:\/\/karlacasillas.mx\/index.php\/2014\/03\/24\/mediadores-somos-un-mal-necesario\/\" aria-label=\"Mediadores somos un mal necesario\"><img loading=\"lazy\" decoding=\"async\" width=\"159\" height=\"300\" src=\"https:\/\/i0.wp.com\/karlacasillas.mx\/wp-content\/uploads\/2022\/05\/negociadores-un-mal-necesario-24-mar-2014-interiores-1-pdf-159x300.jpg?resize=159%2C300&#038;ssl=1\" class=\"attachment-medium size-medium wp-post-image\" alt=\"\" style=\"max-width:225px;max-height:225px;\" data-recalc-dims=\"1\" \/><\/a><\/div><a class=\"wp-block-latest-posts__post-title\" href=\"https:\/\/karlacasillas.mx\/index.php\/2014\/03\/24\/mediadores-somos-un-mal-necesario\/\">Mediadores somos un mal necesario<\/a><time datetime=\"2014-03-24T19:32:00+00:00\" class=\"wp-block-latest-posts__post-date\">March 24, 2014<\/time><\/li>\n<li><div class=\"wp-block-latest-posts__featured-image aligncenter\"><a href=\"https:\/\/karlacasillas.mx\/index.php\/2014\/03\/23\/clase-media-nuevo-blanco-de-secuestros\/\" aria-label=\"Clase media, nuevo blanco de secuestros\"><img loading=\"lazy\" decoding=\"async\" width=\"159\" height=\"300\" src=\"https:\/\/i0.wp.com\/karlacasillas.mx\/wp-content\/uploads\/2014\/03\/clase-media-nuevo-blanco-de-secuestro23-mar-2014-pdf-159x300.jpg?resize=159%2C300&#038;ssl=1\" class=\"attachment-medium size-medium wp-post-image\" alt=\"\" style=\"max-width:225px;max-height:225px;\" data-recalc-dims=\"1\" \/><\/a><\/div><a class=\"wp-block-latest-posts__post-title\" href=\"https:\/\/karlacasillas.mx\/index.php\/2014\/03\/23\/clase-media-nuevo-blanco-de-secuestros\/\">Clase media, nuevo blanco de secuestros<\/a><time datetime=\"2014-03-23T19:10:00+00:00\" class=\"wp-block-latest-posts__post-date\">March 23, 2014<\/time><\/li>\n<li><div class=\"wp-block-latest-posts__featured-image aligncenter\"><a href=\"https:\/\/karlacasillas.mx\/index.php\/2014\/02\/19\/sales-se-abandono-la-politica-antiplagio\/\" aria-label=\"Sales: se abandon\u00f3 la pol\u00edtica antiplagio\"><img loading=\"lazy\" decoding=\"async\" width=\"159\" height=\"300\" src=\"https:\/\/i0.wp.com\/karlacasillas.mx\/wp-content\/uploads\/2022\/05\/se-abandono\u0301-poli\u0301tica-antiplagio-portada-19-feb-2014-pdf-159x300.jpg?resize=159%2C300&#038;ssl=1\" class=\"attachment-medium size-medium wp-post-image\" alt=\"\" style=\"max-width:225px;max-height:225px;\" data-recalc-dims=\"1\" \/><\/a><\/div><a class=\"wp-block-latest-posts__post-title\" href=\"https:\/\/karlacasillas.mx\/index.php\/2014\/02\/19\/sales-se-abandono-la-politica-antiplagio\/\">Sales: se abandon\u00f3 la pol\u00edtica antiplagio<\/a><time datetime=\"2014-02-19T18:53:00+00:00\" class=\"wp-block-latest-posts__post-date\">February 19, 2014<\/time><\/li>\n<li><div class=\"wp-block-latest-posts__featured-image aligncenter\"><a href=\"https:\/\/karlacasillas.mx\/index.php\/2014\/02\/16\/310\/\" aria-label=\"Subregistro en cifras de secuestro: ONG\"><img loading=\"lazy\" decoding=\"async\" width=\"159\" height=\"300\" src=\"https:\/\/i0.wp.com\/karlacasillas.mx\/wp-content\/uploads\/2022\/05\/maquillan-gobiernos-cifras-de-secuestro-interiores-1-pdf-159x300.jpg?resize=159%2C300&#038;ssl=1\" class=\"attachment-medium size-medium wp-post-image\" alt=\"\" style=\"max-width:225px;max-height:225px;\" data-recalc-dims=\"1\" \/><\/a><\/div><a class=\"wp-block-latest-posts__post-title\" href=\"https:\/\/karlacasillas.mx\/index.php\/2014\/02\/16\/310\/\">Subregistro en cifras de secuestro: ONG<\/a><time datetime=\"2014-02-16T19:29:00+00:00\" class=\"wp-block-latest-posts__post-date\">February 16, 2014<\/time><\/li>\n<li><div class=\"wp-block-latest-posts__featured-image aligncenter\"><a href=\"https:\/\/karlacasillas.mx\/index.php\/2014\/01\/13\/la-unidad-que-vive-en-toque-de-queda\/\" aria-label=\"La unidad que vive en &#8216;toque de queda&#8217;\"><img loading=\"lazy\" decoding=\"async\" width=\"300\" height=\"283\" src=\"https:\/\/i0.wp.com\/karlacasillas.mx\/wp-content\/uploads\/2022\/05\/inseguridad-asedia-tlatelocointeriores-1-pdf-300x283.jpg?resize=300%2C283&#038;ssl=1\" class=\"attachment-medium size-medium wp-post-image\" alt=\"\" style=\"max-width:225px;max-height:225px;\" data-recalc-dims=\"1\" \/><\/a><\/div><a class=\"wp-block-latest-posts__post-title\" href=\"https:\/\/karlacasillas.mx\/index.php\/2014\/01\/13\/la-unidad-que-vive-en-toque-de-queda\/\">La unidad que vive en &#8216;toque de queda&#8217;<\/a><time datetime=\"2014-01-13T19:27:00+00:00\" class=\"wp-block-latest-posts__post-date\">January 13, 2014<\/time><\/li>\n<li><div class=\"wp-block-latest-posts__featured-image aligncenter\"><a href=\"https:\/\/karlacasillas.mx\/index.php\/2013\/12\/17\/debaten-legalizacion-de-ambulantes\/\" aria-label=\"Debaten legalizaci\u00f3n de ambulantes\"><img loading=\"lazy\" decoding=\"async\" width=\"159\" height=\"300\" src=\"https:\/\/i0.wp.com\/karlacasillas.mx\/wp-content\/uploads\/2022\/05\/empujan-en-asamblea-regular-ambulantaje-17dic2013portada-pdf-159x300.jpg?resize=159%2C300&#038;ssl=1\" class=\"attachment-medium size-medium wp-post-image\" alt=\"\" style=\"max-width:225px;max-height:225px;\" data-recalc-dims=\"1\" \/><\/a><\/div><a class=\"wp-block-latest-posts__post-title\" href=\"https:\/\/karlacasillas.mx\/index.php\/2013\/12\/17\/debaten-legalizacion-de-ambulantes\/\">Debaten legalizaci\u00f3n de ambulantes<\/a><time datetime=\"2013-12-17T18:46:00+00:00\" class=\"wp-block-latest-posts__post-date\">December 17, 2013<\/time><\/li>\n<li><div class=\"wp-block-latest-posts__featured-image aligncenter\"><a href=\"https:\/\/karlacasillas.mx\/index.php\/2013\/12\/09\/la-corrupcion-viaja-en-metro\/\" aria-label=\"La corrupci\u00f3n viaja en metro\"><img loading=\"lazy\" decoding=\"async\" width=\"159\" height=\"300\" src=\"https:\/\/i0.wp.com\/karlacasillas.mx\/wp-content\/uploads\/2022\/05\/la-corrupcion-viaja-en-metro09dic2013portada-pdf-159x300.jpg?resize=159%2C300&#038;ssl=1\" class=\"attachment-medium size-medium wp-post-image\" alt=\"\" style=\"max-width:225px;max-height:225px;\" data-recalc-dims=\"1\" \/><\/a><\/div><a class=\"wp-block-latest-posts__post-title\" href=\"https:\/\/karlacasillas.mx\/index.php\/2013\/12\/09\/la-corrupcion-viaja-en-metro\/\">La corrupci\u00f3n viaja en metro<\/a><time datetime=\"2013-12-09T18:50:00+00:00\" class=\"wp-block-latest-posts__post-date\">December 9, 2013<\/time><\/li>\n<\/ul>","protected":false},"excerpt":{"rendered":"","protected":false},"author":1,"featured_media":0,"parent":0,"menu_order":0,"comment_status":"closed","ping_status":"closed","template":"","meta":{"_mi_skip_tracking":false,"_monsterinsights_sitenote_active":false,"_monsterinsights_sitenote_note":"","_monsterinsights_sitenote_category":0,"footnotes":""},"class_list":["post-22","page","type-page","status-publish","hentry"],"aioseo_notices":[],"_links":{"self":[{"href":"https:\/\/karlacasillas.mx\/index.php\/wp-json\/wp\/v2\/pages\/22","targetHints":{"allow":["GET"]}}],"collection":[{"href":"https:\/\/karlacasillas.mx\/index.php\/wp-json\/wp\/v2\/pages"}],"about":[{"href":"https:\/\/karlacasillas.mx\/index.php\/wp-json\/wp\/v2\/types\/page"}],"author":[{"embeddable":true,"href":"https:\/\/karlacasillas.mx\/index.php\/wp-json\/wp\/v2\/users\/1"}],"replies":[{"embeddable":true,"href":"https:\/\/karlacasillas.mx\/index.php\/wp-json\/wp\/v2\/comments?post=22"}],"version-history":[{"count":11,"href":"https:\/\/karlacasillas.mx\/index.php\/wp-json\/wp\/v2\/pages\/22\/revisions"}],"predecessor-version":[{"id":853,"href":"https:\/\/karlacasillas.mx\/index.php\/wp-json\/wp\/v2\/pages\/22\/revisions\/853"}],"wp:attachment":[{"href":"https:\/\/karlacasillas.mx\/index.php\/wp-json\/wp\/v2\/media?parent=22"}],"curies":[{"name":"wp","href":"https:\/\/api.w.org\/{rel}","templated":true}]}}